{"id":1428,"date":"2026-03-09T09:51:28","date_gmt":"2026-03-09T09:51:28","guid":{"rendered":"https:\/\/fundaciocoravant.org\/agenda\/mou-te-pel-cor-charla-taller-sobre-habitos-saludables\/"},"modified":"2026-03-09T10:40:11","modified_gmt":"2026-03-09T10:40:11","slug":"mou-te-pel-cor-charla-taller-sobre-habitos-saludables","status":"publish","type":"agenda","link":"https:\/\/fundaciocoravant.org\/es\/agenda\/mou-te-pel-cor-charla-taller-sobre-habitos-saludables\/","title":{"rendered":"\u00abMou-te pel cor\u00bb: charla-taller sobre h\u00e1bitos saludables"},"content":{"rendered":"\n<p>D\u00eda: <strong>mi\u00e9rcoles 18 de marzo<\/strong> <strong>de 2026<\/strong><\/p>\n\n\n\n<p>Horario: <strong>de 15 a 17 horas<\/strong><\/p>\n\n\n\n<p>Lugar: <strong>Rub\u00ed Forma<\/strong> (Rambleta de Joan Mir\u00f3, s\/n. Rub\u00ed)<\/p>\n\n\n\n<p><strong>Inscripciones al CAP Sant Gen\u00eds y CAP Anton de Borja<\/strong><\/p>\n\n\n\n<p><strong>Marina Fern\u00e1ndez<\/strong>, psic\u00f3loga de la <strong>Fundaci\u00f3n CorAvant<\/strong>, hablar\u00e1 de <strong>alimentaci\u00f3n<\/strong>, <strong>actividad f\u00edsica<\/strong>, <strong>gesti\u00f3n emocional<\/strong> y al final har\u00e1 una \u00a1<strong>pr\u00e1ctica de relajaci\u00f3n guiada<\/strong>!<\/p>\n\n\n\n<figure class=\"wp-block-image size-large\"><img loading=\"lazy\" decoding=\"async\" width=\"724\" height=\"1024\" src=\"https:\/\/fundaciocoravant.org\/wp-content\/uploads\/2026\/03\/XERRADA_TALLER_HABITS_SALUDABLES_RUBI-724x1024.jpg\" alt=\"\" class=\"wp-image-1424\" srcset=\"https:\/\/fundaciocoravant.org\/wp-content\/uploads\/2026\/03\/XERRADA_TALLER_HABITS_SALUDABLES_RUBI-724x1024.jpg 724w, https:\/\/fundaciocoravant.org\/wp-content\/uploads\/2026\/03\/XERRADA_TALLER_HABITS_SALUDABLES_RUBI-212x300.jpg 212w, https:\/\/fundaciocoravant.org\/wp-content\/uploads\/2026\/03\/XERRADA_TALLER_HABITS_SALUDABLES_RUBI-768x1086.jpg 768w, https:\/\/fundaciocoravant.org\/wp-content\/uploads\/2026\/03\/XERRADA_TALLER_HABITS_SALUDABLES_RUBI.jpg 849w\" sizes=\"auto, (max-width: 724px) 100vw, 724px\" \/><\/figure>\n","protected":false},"featured_media":1427,"template":"","meta":{"_acf_changed":false,"give_campaign_id":0},"class_list":["post-1428","agenda","type-agenda","status-publish","has-post-thumbnail","hentry"],"acf":[],"yoast_head":"<!-- This site is optimized with the Yoast SEO plugin v27.2 - https:\/\/yoast.com\/product\/yoast-seo-wordpress\/ -->\n<title>&quot;Mou-te pel cor&quot;: charla-taller sobre h\u00e1bitos saludables - CorAvant<\/title>\n<meta name=\"robots\" content=\"index, follow, max-snippet:-1, max-image-preview:large, max-video-preview:-1\" \/>\n<link rel=\"canonical\" href=\"https:\/\/fundaciocoravant.org\/es\/agenda\/mou-te-pel-cor-charla-taller-sobre-habitos-saludables\/\" \/>\n<meta property=\"og:locale\" content=\"es_ES\" \/>\n<meta property=\"og:type\" content=\"article\" \/>\n<meta property=\"og:title\" content=\"&quot;Mou-te pel cor&quot;: charla-taller sobre h\u00e1bitos saludables - CorAvant\" \/>\n<meta property=\"og:description\" content=\"D\u00eda: mi\u00e9rcoles 18 de marzo de 2026 Horario: de 15 a 17 horas Lugar: Rub\u00ed Forma (Rambleta de Joan Mir\u00f3, s\/n. Rub\u00ed) Inscripciones al CAP Sant Gen\u00eds y CAP Anton de Borja Marina Fern\u00e1ndez, psic\u00f3loga de la Fundaci\u00f3n CorAvant, hablar\u00e1 de alimentaci\u00f3n, actividad f\u00edsica, gesti\u00f3n emocional y al final har\u00e1 una \u00a1pr\u00e1ctica de relajaci\u00f3n guiada!\" \/>\n<meta property=\"og:url\" content=\"https:\/\/fundaciocoravant.org\/es\/agenda\/mou-te-pel-cor-charla-taller-sobre-habitos-saludables\/\" \/>\n<meta property=\"og:site_name\" content=\"CorAvant\" \/>\n<meta property=\"article:publisher\" content=\"https:\/\/www.facebook.com\/coravantaacic\" \/>\n<meta property=\"article:modified_time\" content=\"2026-03-09T10:40:11+00:00\" \/>\n<meta property=\"og:image\" content=\"https:\/\/fundaciocoravant.org\/wp-content\/uploads\/2026\/03\/XERRADA-TALLER-HABITS-SALUDABLES.jpg\" \/>\n\t<meta property=\"og:image:width\" content=\"1000\" \/>\n\t<meta property=\"og:image:height\" content=\"279\" \/>\n\t<meta property=\"og:image:type\" content=\"image\/jpeg\" \/>\n<meta name=\"twitter:card\" content=\"summary_large_image\" \/>\n<meta name=\"twitter:site\" content=\"@coravant\" \/>\n<meta name=\"twitter:label1\" content=\"Tiempo de lectura\" \/>\n\t<meta name=\"twitter:data1\" content=\"1 minuto\" \/>\n<script type=\"application\/ld+json\" class=\"yoast-schema-graph\">{\"@context\":\"https:\/\/schema.org\",\"@graph\":[{\"@type\":\"WebPage\",\"@id\":\"https:\/\/fundaciocoravant.org\/es\/agenda\/mou-te-pel-cor-charla-taller-sobre-habitos-saludables\/\",\"url\":\"https:\/\/fundaciocoravant.org\/es\/agenda\/mou-te-pel-cor-charla-taller-sobre-habitos-saludables\/\",\"name\":\"\\\"Mou-te pel cor\\\": charla-taller sobre h\u00e1bitos saludables - CorAvant\",\"isPartOf\":{\"@id\":\"https:\/\/fundaciocoravant.org\/#website\"},\"primaryImageOfPage\":{\"@id\":\"https:\/\/fundaciocoravant.org\/es\/agenda\/mou-te-pel-cor-charla-taller-sobre-habitos-saludables\/#primaryimage\"},\"image\":{\"@id\":\"https:\/\/fundaciocoravant.org\/es\/agenda\/mou-te-pel-cor-charla-taller-sobre-habitos-saludables\/#primaryimage\"},\"thumbnailUrl\":\"https:\/\/fundaciocoravant.org\/wp-content\/uploads\/2026\/03\/XERRADA-TALLER-HABITS-SALUDABLES.jpg\",\"datePublished\":\"2026-03-09T09:51:28+00:00\",\"dateModified\":\"2026-03-09T10:40:11+00:00\",\"breadcrumb\":{\"@id\":\"https:\/\/fundaciocoravant.org\/es\/agenda\/mou-te-pel-cor-charla-taller-sobre-habitos-saludables\/#breadcrumb\"},\"inLanguage\":\"es\",\"potentialAction\":[{\"@type\":\"ReadAction\",\"target\":[\"https:\/\/fundaciocoravant.org\/es\/agenda\/mou-te-pel-cor-charla-taller-sobre-habitos-saludables\/\"]}]},{\"@type\":\"ImageObject\",\"inLanguage\":\"es\",\"@id\":\"https:\/\/fundaciocoravant.org\/es\/agenda\/mou-te-pel-cor-charla-taller-sobre-habitos-saludables\/#primaryimage\",\"url\":\"https:\/\/fundaciocoravant.org\/wp-content\/uploads\/2026\/03\/XERRADA-TALLER-HABITS-SALUDABLES.jpg\",\"contentUrl\":\"https:\/\/fundaciocoravant.org\/wp-content\/uploads\/2026\/03\/XERRADA-TALLER-HABITS-SALUDABLES.jpg\",\"width\":1000,\"height\":279,\"caption\":\"Xerrada-taller Mou el teu cor\"},{\"@type\":\"BreadcrumbList\",\"@id\":\"https:\/\/fundaciocoravant.org\/es\/agenda\/mou-te-pel-cor-charla-taller-sobre-habitos-saludables\/#breadcrumb\",\"itemListElement\":[{\"@type\":\"ListItem\",\"position\":1,\"name\":\"Home\",\"item\":\"https:\/\/fundaciocoravant.org\/es\/\"},{\"@type\":\"ListItem\",\"position\":2,\"name\":\"Agenda\",\"item\":\"https:\/\/fundaciocoravant.org\/agenda\/\"},{\"@type\":\"ListItem\",\"position\":3,\"name\":\"&#8220;Mou-te pel cor&#8221;: charla-taller sobre h\u00e1bitos saludables\"}]},{\"@type\":\"WebSite\",\"@id\":\"https:\/\/fundaciocoravant.org\/#website\",\"url\":\"https:\/\/fundaciocoravant.org\/\",\"name\":\"CorAvant\",\"description\":\"Fundaci\u00f3 de joves i adults amb cardiopatia\",\"publisher\":{\"@id\":\"https:\/\/fundaciocoravant.org\/#organization\"},\"potentialAction\":[{\"@type\":\"SearchAction\",\"target\":{\"@type\":\"EntryPoint\",\"urlTemplate\":\"https:\/\/fundaciocoravant.org\/?s={search_term_string}\"},\"query-input\":{\"@type\":\"PropertyValueSpecification\",\"valueRequired\":true,\"valueName\":\"search_term_string\"}}],\"inLanguage\":\"es\"},{\"@type\":\"Organization\",\"@id\":\"https:\/\/fundaciocoravant.org\/#organization\",\"name\":\"CorAvant\",\"url\":\"https:\/\/fundaciocoravant.org\/\",\"logo\":{\"@type\":\"ImageObject\",\"inLanguage\":\"es\",\"@id\":\"https:\/\/fundaciocoravant.org\/#\/schema\/logo\/image\/\",\"url\":\"https:\/\/fundaciocoravant.org\/wp-content\/uploads\/2025\/11\/cropped-cropped-LOGO_CORAVANT-15-anys_CASTELLANO.png\",\"contentUrl\":\"https:\/\/fundaciocoravant.org\/wp-content\/uploads\/2025\/11\/cropped-cropped-LOGO_CORAVANT-15-anys_CASTELLANO.png\",\"width\":1404,\"height\":979,\"caption\":\"CorAvant\"},\"image\":{\"@id\":\"https:\/\/fundaciocoravant.org\/#\/schema\/logo\/image\/\"},\"sameAs\":[\"https:\/\/www.facebook.com\/coravantaacic\",\"https:\/\/x.com\/coravant\",\"https:\/\/www.instagram.com\/coravantaacic\/\",\"https:\/\/www.youtube.com\/@CorAvantAACIC_cardiopaties\",\"https:\/\/www.linkedin.com\/company\/fundacio-coravant\/\"]}]}<\/script>\n<!-- \/ Yoast SEO plugin. -->","yoast_head_json":{"title":"\"Mou-te pel cor\": charla-taller sobre h\u00e1bitos saludables - CorAvant","robots":{"index":"index","follow":"follow","max-snippet":"max-snippet:-1","max-image-preview":"max-image-preview:large","max-video-preview":"max-video-preview:-1"},"canonical":"https:\/\/fundaciocoravant.org\/es\/agenda\/mou-te-pel-cor-charla-taller-sobre-habitos-saludables\/","og_locale":"es_ES","og_type":"article","og_title":"\"Mou-te pel cor\": charla-taller sobre h\u00e1bitos saludables - CorAvant","og_description":"D\u00eda: mi\u00e9rcoles 18 de marzo de 2026 Horario: de 15 a 17 horas Lugar: Rub\u00ed Forma (Rambleta de Joan Mir\u00f3, s\/n. Rub\u00ed) Inscripciones al CAP Sant Gen\u00eds y CAP Anton de Borja Marina Fern\u00e1ndez, psic\u00f3loga de la Fundaci\u00f3n CorAvant, hablar\u00e1 de alimentaci\u00f3n, actividad f\u00edsica, gesti\u00f3n emocional y al final har\u00e1 una \u00a1pr\u00e1ctica de relajaci\u00f3n guiada!","og_url":"https:\/\/fundaciocoravant.org\/es\/agenda\/mou-te-pel-cor-charla-taller-sobre-habitos-saludables\/","og_site_name":"CorAvant","article_publisher":"https:\/\/www.facebook.com\/coravantaacic","article_modified_time":"2026-03-09T10:40:11+00:00","og_image":[{"width":1000,"height":279,"url":"https:\/\/fundaciocoravant.org\/wp-content\/uploads\/2026\/03\/XERRADA-TALLER-HABITS-SALUDABLES.jpg","type":"image\/jpeg"}],"twitter_card":"summary_large_image","twitter_site":"@coravant","twitter_misc":{"Tiempo de lectura":"1 minuto"},"schema":{"@context":"https:\/\/schema.org","@graph":[{"@type":"WebPage","@id":"https:\/\/fundaciocoravant.org\/es\/agenda\/mou-te-pel-cor-charla-taller-sobre-habitos-saludables\/","url":"https:\/\/fundaciocoravant.org\/es\/agenda\/mou-te-pel-cor-charla-taller-sobre-habitos-saludables\/","name":"\"Mou-te pel cor\": charla-taller sobre h\u00e1bitos saludables - CorAvant","isPartOf":{"@id":"https:\/\/fundaciocoravant.org\/#website"},"primaryImageOfPage":{"@id":"https:\/\/fundaciocoravant.org\/es\/agenda\/mou-te-pel-cor-charla-taller-sobre-habitos-saludables\/#primaryimage"},"image":{"@id":"https:\/\/fundaciocoravant.org\/es\/agenda\/mou-te-pel-cor-charla-taller-sobre-habitos-saludables\/#primaryimage"},"thumbnailUrl":"https:\/\/fundaciocoravant.org\/wp-content\/uploads\/2026\/03\/XERRADA-TALLER-HABITS-SALUDABLES.jpg","datePublished":"2026-03-09T09:51:28+00:00","dateModified":"2026-03-09T10:40:11+00:00","breadcrumb":{"@id":"https:\/\/fundaciocoravant.org\/es\/agenda\/mou-te-pel-cor-charla-taller-sobre-habitos-saludables\/#breadcrumb"},"inLanguage":"es","potentialAction":[{"@type":"ReadAction","target":["https:\/\/fundaciocoravant.org\/es\/agenda\/mou-te-pel-cor-charla-taller-sobre-habitos-saludables\/"]}]},{"@type":"ImageObject","inLanguage":"es","@id":"https:\/\/fundaciocoravant.org\/es\/agenda\/mou-te-pel-cor-charla-taller-sobre-habitos-saludables\/#primaryimage","url":"https:\/\/fundaciocoravant.org\/wp-content\/uploads\/2026\/03\/XERRADA-TALLER-HABITS-SALUDABLES.jpg","contentUrl":"https:\/\/fundaciocoravant.org\/wp-content\/uploads\/2026\/03\/XERRADA-TALLER-HABITS-SALUDABLES.jpg","width":1000,"height":279,"caption":"Xerrada-taller Mou el teu cor"},{"@type":"BreadcrumbList","@id":"https:\/\/fundaciocoravant.org\/es\/agenda\/mou-te-pel-cor-charla-taller-sobre-habitos-saludables\/#breadcrumb","itemListElement":[{"@type":"ListItem","position":1,"name":"Home","item":"https:\/\/fundaciocoravant.org\/es\/"},{"@type":"ListItem","position":2,"name":"Agenda","item":"https:\/\/fundaciocoravant.org\/agenda\/"},{"@type":"ListItem","position":3,"name":"&#8220;Mou-te pel cor&#8221;: charla-taller sobre h\u00e1bitos saludables"}]},{"@type":"WebSite","@id":"https:\/\/fundaciocoravant.org\/#website","url":"https:\/\/fundaciocoravant.org\/","name":"CorAvant","description":"Fundaci\u00f3 de joves i adults amb cardiopatia","publisher":{"@id":"https:\/\/fundaciocoravant.org\/#organization"},"potentialAction":[{"@type":"SearchAction","target":{"@type":"EntryPoint","urlTemplate":"https:\/\/fundaciocoravant.org\/?s={search_term_string}"},"query-input":{"@type":"PropertyValueSpecification","valueRequired":true,"valueName":"search_term_string"}}],"inLanguage":"es"},{"@type":"Organization","@id":"https:\/\/fundaciocoravant.org\/#organization","name":"CorAvant","url":"https:\/\/fundaciocoravant.org\/","logo":{"@type":"ImageObject","inLanguage":"es","@id":"https:\/\/fundaciocoravant.org\/#\/schema\/logo\/image\/","url":"https:\/\/fundaciocoravant.org\/wp-content\/uploads\/2025\/11\/cropped-cropped-LOGO_CORAVANT-15-anys_CASTELLANO.png","contentUrl":"https:\/\/fundaciocoravant.org\/wp-content\/uploads\/2025\/11\/cropped-cropped-LOGO_CORAVANT-15-anys_CASTELLANO.png","width":1404,"height":979,"caption":"CorAvant"},"image":{"@id":"https:\/\/fundaciocoravant.org\/#\/schema\/logo\/image\/"},"sameAs":["https:\/\/www.facebook.com\/coravantaacic","https:\/\/x.com\/coravant","https:\/\/www.instagram.com\/coravantaacic\/","https:\/\/www.youtube.com\/@CorAvantAACIC_cardiopaties","https:\/\/www.linkedin.com\/company\/fundacio-coravant\/"]}]}},"_links":{"self":[{"href":"https:\/\/fundaciocoravant.org\/es\/wp-json\/wp\/v2\/agenda\/1428","targetHints":{"allow":["GET"]}}],"collection":[{"href":"https:\/\/fundaciocoravant.org\/es\/wp-json\/wp\/v2\/agenda"}],"about":[{"href":"https:\/\/fundaciocoravant.org\/es\/wp-json\/wp\/v2\/types\/agenda"}],"wp:featuredmedia":[{"embeddable":true,"href":"https:\/\/fundaciocoravant.org\/es\/wp-json\/wp\/v2\/media\/1427"}],"wp:attachment":[{"href":"https:\/\/fundaciocoravant.org\/es\/wp-json\/wp\/v2\/media?parent=1428"}],"curies":[{"name":"wp","href":"https:\/\/api.w.org\/{rel}","templated":true}]}}