{"id":2037,"date":"2026-04-27T10:43:00","date_gmt":"2026-04-27T10:43:00","guid":{"rendered":"https:\/\/fundaciocoravant.org\/agenda\/taller-virtual-de-relajacion-cuerpo-y-mente-2025-2026\/"},"modified":"2026-04-27T11:53:25","modified_gmt":"2026-04-27T11:53:25","slug":"taller-virtual-de-relajacion-cuerpo-y-mente-11-mayo-2026","status":"publish","type":"agenda","link":"https:\/\/fundaciocoravant.org\/es\/agenda\/taller-virtual-de-relajacion-cuerpo-y-mente-11-mayo-2026\/","title":{"rendered":"Taller virtual de relajaci\u00f3n Cuerpo y Mente 2025-2026"},"content":{"rendered":"\n<h2 class=\"wp-block-heading\">Practicaremos ejercicios de correcci\u00f3n postural y de estiramientos de las diferentes partes del cuerpo, la respiraci\u00f3n consciente y la visualizaci\u00f3n con el fin de conseguir un estado de bienestar.<\/h2>\n\n<p>Dirigido a:<\/p>\n\n<ul class=\"wp-block-list\">\n<li>Personas j\u00f3venes y adultas con cardiopat\u00eda<\/li>\n\n\n\n<li>Padres y madres que tienen un hijo o una hija con cardiopat\u00eda<\/li>\n\n\n\n<li>Cualquier persona interesada en la relajaci\u00f3n y el autocuidado<\/li>\n<\/ul>\n\n<p>Dia: <strong>lunes <\/strong><strong>11 de mayo de 2026<\/strong><\/p>\n\n<p>Horario: <strong>de 16 a 17 horas<\/strong><\/p>\n\n<p>Periodicidad: semanal, los lunes (excepto fiestas escolares o puentes)<\/p>\n\n<p>Formato: <strong>online<\/strong> (te enviaremos el enlace de la sesi\u00f3n)<\/p>\n\n<p>Coordinadora: <strong>Rosana Moyano<\/strong>, psic\u00f3loga sanitaria de la entidad<\/p>\n\n<p>Precio:<\/p>\n\n<ul class=\"wp-block-list\">\n<li>Socios y socias de la Fundaci\u00f3n CorAvant o de la AACIC (Asociaci\u00f3n de Cardiopat\u00edas Cong\u00e9nitas): 30 \u20ac\/trimestre o 12 \u20ac\/mes<\/li>\n\n\n\n<li>Inscripci\u00f3n general para personas no socias: 40 \u20ac\/trimestre o 15 \u20ac\/mes<\/li>\n<\/ul>\n\n<p>N\u00famero de cuenta:<\/p>\n\n<ul class=\"wp-block-list\">\n<li><strong>BBVA: ES42 0182 7301 7902 0020 1965<\/strong><\/li>\n\n\n\n<li><strong>La Caixa: ES15 2100 0812 1102 0075 6055<\/strong><\/li>\n<\/ul>\n\n<h2 class=\"wp-block-heading\">D\u00e9janos tus datos ap\u00fantate al taller virtual de relajaci\u00f3 Cuerpo y Mente:<\/h2>\n\n<div class=\"wp-block-contact-form-7-contact-form-selector\">\n<div class=\"wpcf7 no-js\" id=\"wpcf7-f385-o1\" lang=\"ca\" dir=\"ltr\" data-wpcf7-id=\"385\">\n<div class=\"screen-reader-response\"><p role=\"status\" aria-live=\"polite\" aria-atomic=\"true\"><\/p> <ul><\/ul><\/div>\n<form action=\"\/es\/wp-json\/wp\/v2\/agenda\/2037#wpcf7-f385-o1\" method=\"post\" class=\"wpcf7-form init\" aria-label=\"Formulari de contacte\" novalidate=\"novalidate\" data-status=\"init\">\n<fieldset class=\"hidden-fields-container\"><input type=\"hidden\" name=\"_wpcf7\" value=\"385\" \/><input type=\"hidden\" name=\"_wpcf7_version\" value=\"6.1.5\" \/><input type=\"hidden\" name=\"_wpcf7_locale\" value=\"ca\" \/><input type=\"hidden\" name=\"_wpcf7_unit_tag\" value=\"wpcf7-f385-o1\" \/><input type=\"hidden\" name=\"_wpcf7_container_post\" value=\"0\" \/><input type=\"hidden\" name=\"_wpcf7_posted_data_hash\" value=\"\" \/><input type=\"hidden\" name=\"_wpcf7_recaptcha_response\" value=\"\" \/>\n<\/fieldset>\n<p>Nom i cognoms*\n<\/p>\n<p><span class=\"wpcf7-form-control-wrap\" data-name=\"text-42\"><input size=\"40\" maxlength=\"400\" class=\"wpcf7-form-control wpcf7-text wpcf7-validates-as-required\" aria-required=\"true\" aria-invalid=\"false\" value=\"\" type=\"text\" name=\"text-42\" \/><\/span>\n<\/p>\n<p>Edat*\n<\/p>\n<p><span class=\"wpcf7-form-control-wrap\" data-name=\"text-685\"><input size=\"40\" maxlength=\"400\" class=\"wpcf7-form-control wpcf7-text wpcf7-validates-as-required\" aria-required=\"true\" aria-invalid=\"false\" value=\"\" type=\"text\" name=\"text-685\" \/><\/span>\n<\/p>\n<p>Poblaci\u00f3*\n<\/p>\n<p><span class=\"wpcf7-form-control-wrap\" data-name=\"text-186\"><input size=\"40\" maxlength=\"400\" class=\"wpcf7-form-control wpcf7-text wpcf7-validates-as-required\" aria-required=\"true\" aria-invalid=\"false\" value=\"\" type=\"text\" name=\"text-186\" \/><\/span>\n<\/p>\n<p>Correu electr\u00f2nic*\n<\/p>\n<p><span class=\"wpcf7-form-control-wrap\" data-name=\"email-680\"><input size=\"40\" maxlength=\"400\" class=\"wpcf7-form-control wpcf7-email wpcf7-validates-as-required wpcf7-text wpcf7-validates-as-email\" aria-required=\"true\" aria-invalid=\"false\" value=\"\" type=\"email\" name=\"email-680\" \/><\/span>\n<\/p>\n<p>N\u00famero de tel\u00e8fon*\n<\/p>\n<p><span class=\"wpcf7-form-control-wrap\" data-name=\"tel-499\"><input size=\"40\" maxlength=\"400\" class=\"wpcf7-form-control wpcf7-tel wpcf7-validates-as-required wpcf7-text wpcf7-validates-as-tel\" aria-required=\"true\" aria-invalid=\"false\" value=\"\" type=\"tel\" name=\"tel-499\" \/><\/span>\n<\/p>\n<p>Ets soci o s\u00f2cia de la Fundaci\u00f3 CorAvant o de l'AACIC (Associaci\u00f3 de Cardiopaties Cong\u00e8nites)?*\n<\/p>\n<p><span class=\"wpcf7-form-control-wrap\" data-name=\"radio-483\"><span class=\"wpcf7-form-control wpcf7-radio\"><span class=\"wpcf7-list-item first\"><label><input type=\"radio\" name=\"radio-483\" value=\"S\u00ed\" \/><span class=\"wpcf7-list-item-label\">S\u00ed<\/span><\/label><\/span><span class=\"wpcf7-list-item last\"><label><input type=\"radio\" name=\"radio-483\" value=\"No\" \/><span class=\"wpcf7-list-item-label\">No<\/span><\/label><\/span><\/span><\/span>\n<\/p>\n<p>Escull la quota que m\u00e9s s'adapti a tu*\n<\/p>\n<p><span class=\"wpcf7-form-control-wrap\" data-name=\"radio-406\"><span class=\"wpcf7-form-control wpcf7-radio\"><span class=\"wpcf7-list-item first\"><label><input type=\"radio\" name=\"radio-406\" value=\"Trimestral\" \/><span class=\"wpcf7-list-item-label\">Trimestral<\/span><\/label><\/span><span class=\"wpcf7-list-item last\"><label><input type=\"radio\" name=\"radio-406\" value=\"Mensual\" \/><span class=\"wpcf7-list-item-label\">Mensual<\/span><\/label><\/span><\/span><\/span>\n<\/p>\n<p>Vols rebre informaci\u00f3 de tot el qu\u00e8 fem?*\n<\/p>\n<p><span class=\"wpcf7-form-control-wrap\" data-name=\"checkbox-113\"><span class=\"wpcf7-form-control wpcf7-checkbox wpcf7-validates-as-required wpcf7-exclusive-checkbox\"><span class=\"wpcf7-list-item first\"><label><input type=\"checkbox\" name=\"checkbox-113\" value=\"S\u00ed, tinc un\/a fill\/a amb cardiopatia\" \/><span class=\"wpcf7-list-item-label\">S\u00ed, tinc un\/a fill\/a amb cardiopatia<\/span><\/label><\/span><span class=\"wpcf7-list-item\"><label><input type=\"checkbox\" name=\"checkbox-113\" value=\"S\u00ed, tinc un\/a familiar amb cardiopatia\" \/><span class=\"wpcf7-list-item-label\">S\u00ed, tinc un\/a familiar amb cardiopatia<\/span><\/label><\/span><span class=\"wpcf7-list-item\"><label><input type=\"checkbox\" name=\"checkbox-113\" value=\"S\u00ed, tinc una cardiopatia\" \/><span class=\"wpcf7-list-item-label\">S\u00ed, tinc una cardiopatia<\/span><\/label><\/span><span class=\"wpcf7-list-item\"><label><input type=\"checkbox\" name=\"checkbox-113\" value=\"S\u00ed, perqu\u00e8...\" \/><span class=\"wpcf7-list-item-label\">S\u00ed, perqu\u00e8...<\/span><\/label><\/span><span class=\"wpcf7-list-item last\"><label><input type=\"checkbox\" name=\"checkbox-113\" value=\"No\" \/><span class=\"wpcf7-list-item-label\">No<\/span><\/label><\/span><\/span><\/span>\n<\/p>\n<p>Si has indicat \"S\u00ed, perqu\u00e8...\" explica'ns el motiu per poder-te enviar la informaci\u00f3 que m\u00e9s s'adequi als teus interessos\n<\/p>\n<p><span class=\"wpcf7-form-control-wrap\" data-name=\"text-230\"><input size=\"40\" maxlength=\"400\" class=\"wpcf7-form-control wpcf7-text\" aria-invalid=\"false\" value=\"\" type=\"text\" name=\"text-230\" \/><\/span>\n<\/p>\n<p>*camps obligatoris\n<\/p>\n<p><input class=\"wpcf7-form-control wpcf7-submit has-spinner\" type=\"submit\" value=\"Enviar\" \/><br \/>\n<small>Aquest lloc est\u00e0 protegit per reCAPTCHA i s'apliquen la <a href=\"https:\/\/policies.google.com\/privacy\">pol\u00edtica de privadesa<\/a> i <a href=\"https:\/\/policies.google.com\/terms\">termes del servei<\/a> de Google.<\/small><br \/>\n<small>De conformitat amb el que s'estableix al Reglament Europeu 2016\/679 del Parlament Europeu i la Llei Org\u00e0nica 3\/2018 de Protecci\u00f3 de Dades Personals i Garantia de Drets Digitals, t'informem que les dades incorporades en aquest formulari queden incorporades als sistemes d'informaci\u00f3 propietat de la Fundaci\u00f3 CorAvant, responsable del tractament. <\/small><br \/>\n<small>En qualsevol moment pots exercir els drets de supressi\u00f3, acc\u00e9s, limitaci\u00f3, oposici\u00f3, portabilitat, rectificaci\u00f3 i revocaci\u00f3 del consentiment a trav\u00e9s de l'adre\u00e7a de correu electr\u00f2nic a coravant@fundaciocoravant.org<\/small><br \/>\n<small>Per a m\u00e9s informaci\u00f3 sobre el tractament de les teves dades personals <a href=\" https:\/\/fundaciocoravant.org\/ca\/politica-de-privacitat\/\">consulta la nostra pol\u00edtica de privacitat en el seg\u00fcent enlla\u00e7<\/a><\/small>\n<\/p><div class=\"wpcf7-response-output\" aria-hidden=\"true\"><\/div>\n<\/form>\n<\/div>\n<\/div>\n","protected":false},"featured_media":2035,"template":"","meta":{"_acf_changed":true,"give_campaign_id":0},"class_list":["post-2037","agenda","type-agenda","status-publish","has-post-thumbnail","hentry"],"acf":[],"yoast_head":"<!-- This site is optimized with the Yoast SEO plugin v27.2 - https:\/\/yoast.com\/product\/yoast-seo-wordpress\/ -->\n<title>Taller virtual de relajaci\u00f3n Cuerpo y Mente 2025-2026 - CorAvant<\/title>\n<meta name=\"robots\" content=\"index, follow, max-snippet:-1, max-image-preview:large, max-video-preview:-1\" \/>\n<link rel=\"canonical\" href=\"https:\/\/fundaciocoravant.org\/es\/agenda\/taller-virtual-de-relajacion-cuerpo-y-mente-11-mayo-2026\/\" \/>\n<meta property=\"og:locale\" content=\"es_ES\" \/>\n<meta property=\"og:type\" content=\"article\" \/>\n<meta property=\"og:title\" content=\"Taller virtual de relajaci\u00f3n Cuerpo y Mente 2025-2026 - CorAvant\" \/>\n<meta property=\"og:description\" content=\"Practicaremos ejercicios de correcci\u00f3n postural y de estiramientos de las diferentes partes del cuerpo, la respiraci\u00f3n consciente y la visualizaci\u00f3n con el fin de conseguir un estado de bienestar. Dirigido a: Dia: lunes 11 de mayo de 2026 Horario: de 16 a 17 horas Periodicidad: semanal, los lunes (excepto fiestas escolares o puentes) Formato: onlineContinue reading &quot;Taller virtual de relajaci\u00f3n Cuerpo y Mente 2025-2026&quot;\" \/>\n<meta property=\"og:url\" content=\"https:\/\/fundaciocoravant.org\/es\/agenda\/taller-virtual-de-relajacion-cuerpo-y-mente-11-mayo-2026\/\" \/>\n<meta property=\"og:site_name\" content=\"CorAvant\" \/>\n<meta property=\"article:publisher\" content=\"https:\/\/www.facebook.com\/coravantaacic\" \/>\n<meta property=\"article:modified_time\" content=\"2026-04-27T11:53:25+00:00\" \/>\n<meta property=\"og:image\" content=\"https:\/\/fundaciocoravant.org\/wp-content\/uploads\/2026\/04\/TALLER_VIRTUAL_RELAXACIO_2_digital.jpg\" \/>\n\t<meta property=\"og:image:width\" content=\"533\" \/>\n\t<meta property=\"og:image:height\" content=\"800\" \/>\n\t<meta property=\"og:image:type\" content=\"image\/jpeg\" \/>\n<meta name=\"twitter:card\" content=\"summary_large_image\" \/>\n<meta name=\"twitter:site\" content=\"@coravant\" \/>\n<meta name=\"twitter:label1\" content=\"Tiempo de lectura\" \/>\n\t<meta name=\"twitter:data1\" content=\"2 minutos\" \/>\n<script type=\"application\/ld+json\" class=\"yoast-schema-graph\">{\"@context\":\"https:\/\/schema.org\",\"@graph\":[{\"@type\":\"WebPage\",\"@id\":\"https:\/\/fundaciocoravant.org\/es\/agenda\/taller-virtual-de-relajacion-cuerpo-y-mente-11-mayo-2026\/\",\"url\":\"https:\/\/fundaciocoravant.org\/es\/agenda\/taller-virtual-de-relajacion-cuerpo-y-mente-11-mayo-2026\/\",\"name\":\"Taller virtual de relajaci\u00f3n Cuerpo y Mente 2025-2026 - CorAvant\",\"isPartOf\":{\"@id\":\"https:\/\/fundaciocoravant.org\/#website\"},\"primaryImageOfPage\":{\"@id\":\"https:\/\/fundaciocoravant.org\/es\/agenda\/taller-virtual-de-relajacion-cuerpo-y-mente-11-mayo-2026\/#primaryimage\"},\"image\":{\"@id\":\"https:\/\/fundaciocoravant.org\/es\/agenda\/taller-virtual-de-relajacion-cuerpo-y-mente-11-mayo-2026\/#primaryimage\"},\"thumbnailUrl\":\"https:\/\/fundaciocoravant.org\/wp-content\/uploads\/2026\/04\/TALLER_VIRTUAL_RELAXACIO_2_digital.jpg\",\"datePublished\":\"2026-04-27T10:43:00+00:00\",\"dateModified\":\"2026-04-27T11:53:25+00:00\",\"breadcrumb\":{\"@id\":\"https:\/\/fundaciocoravant.org\/es\/agenda\/taller-virtual-de-relajacion-cuerpo-y-mente-11-mayo-2026\/#breadcrumb\"},\"inLanguage\":\"es\",\"potentialAction\":[{\"@type\":\"ReadAction\",\"target\":[\"https:\/\/fundaciocoravant.org\/es\/agenda\/taller-virtual-de-relajacion-cuerpo-y-mente-11-mayo-2026\/\"]}]},{\"@type\":\"ImageObject\",\"inLanguage\":\"es\",\"@id\":\"https:\/\/fundaciocoravant.org\/es\/agenda\/taller-virtual-de-relajacion-cuerpo-y-mente-11-mayo-2026\/#primaryimage\",\"url\":\"https:\/\/fundaciocoravant.org\/wp-content\/uploads\/2026\/04\/TALLER_VIRTUAL_RELAXACIO_2_digital.jpg\",\"contentUrl\":\"https:\/\/fundaciocoravant.org\/wp-content\/uploads\/2026\/04\/TALLER_VIRTUAL_RELAXACIO_2_digital.jpg\",\"width\":533,\"height\":800,\"caption\":\"Taller virtual de relajaci\u00f3n Cuerpo y Mente\"},{\"@type\":\"BreadcrumbList\",\"@id\":\"https:\/\/fundaciocoravant.org\/es\/agenda\/taller-virtual-de-relajacion-cuerpo-y-mente-11-mayo-2026\/#breadcrumb\",\"itemListElement\":[{\"@type\":\"ListItem\",\"position\":1,\"name\":\"Home\",\"item\":\"https:\/\/fundaciocoravant.org\/es\/\"},{\"@type\":\"ListItem\",\"position\":2,\"name\":\"Agenda\",\"item\":\"https:\/\/fundaciocoravant.org\/agenda\/\"},{\"@type\":\"ListItem\",\"position\":3,\"name\":\"Taller virtual de relajaci\u00f3n Cuerpo y Mente 2025-2026\"}]},{\"@type\":\"WebSite\",\"@id\":\"https:\/\/fundaciocoravant.org\/#website\",\"url\":\"https:\/\/fundaciocoravant.org\/\",\"name\":\"CorAvant\",\"description\":\"Fundaci\u00f3 de joves i adults amb cardiopatia\",\"publisher\":{\"@id\":\"https:\/\/fundaciocoravant.org\/#organization\"},\"potentialAction\":[{\"@type\":\"SearchAction\",\"target\":{\"@type\":\"EntryPoint\",\"urlTemplate\":\"https:\/\/fundaciocoravant.org\/?s={search_term_string}\"},\"query-input\":{\"@type\":\"PropertyValueSpecification\",\"valueRequired\":true,\"valueName\":\"search_term_string\"}}],\"inLanguage\":\"es\"},{\"@type\":\"Organization\",\"@id\":\"https:\/\/fundaciocoravant.org\/#organization\",\"name\":\"CorAvant\",\"url\":\"https:\/\/fundaciocoravant.org\/\",\"logo\":{\"@type\":\"ImageObject\",\"inLanguage\":\"es\",\"@id\":\"https:\/\/fundaciocoravant.org\/#\/schema\/logo\/image\/\",\"url\":\"https:\/\/fundaciocoravant.org\/wp-content\/uploads\/2025\/11\/cropped-cropped-LOGO_CORAVANT-15-anys_CASTELLANO.png\",\"contentUrl\":\"https:\/\/fundaciocoravant.org\/wp-content\/uploads\/2025\/11\/cropped-cropped-LOGO_CORAVANT-15-anys_CASTELLANO.png\",\"width\":1404,\"height\":979,\"caption\":\"CorAvant\"},\"image\":{\"@id\":\"https:\/\/fundaciocoravant.org\/#\/schema\/logo\/image\/\"},\"sameAs\":[\"https:\/\/www.facebook.com\/coravantaacic\",\"https:\/\/x.com\/coravant\",\"https:\/\/www.instagram.com\/coravantaacic\/\",\"https:\/\/www.youtube.com\/@CorAvantAACIC_cardiopaties\",\"https:\/\/www.linkedin.com\/company\/fundacio-coravant\/\"]}]}<\/script>\n<!-- \/ Yoast SEO plugin. -->","yoast_head_json":{"title":"Taller virtual de relajaci\u00f3n Cuerpo y Mente 2025-2026 - CorAvant","robots":{"index":"index","follow":"follow","max-snippet":"max-snippet:-1","max-image-preview":"max-image-preview:large","max-video-preview":"max-video-preview:-1"},"canonical":"https:\/\/fundaciocoravant.org\/es\/agenda\/taller-virtual-de-relajacion-cuerpo-y-mente-11-mayo-2026\/","og_locale":"es_ES","og_type":"article","og_title":"Taller virtual de relajaci\u00f3n Cuerpo y Mente 2025-2026 - CorAvant","og_description":"Practicaremos ejercicios de correcci\u00f3n postural y de estiramientos de las diferentes partes del cuerpo, la respiraci\u00f3n consciente y la visualizaci\u00f3n con el fin de conseguir un estado de bienestar. Dirigido a: Dia: lunes 11 de mayo de 2026 Horario: de 16 a 17 horas Periodicidad: semanal, los lunes (excepto fiestas escolares o puentes) Formato: onlineContinue reading \"Taller virtual de relajaci\u00f3n Cuerpo y Mente 2025-2026\"","og_url":"https:\/\/fundaciocoravant.org\/es\/agenda\/taller-virtual-de-relajacion-cuerpo-y-mente-11-mayo-2026\/","og_site_name":"CorAvant","article_publisher":"https:\/\/www.facebook.com\/coravantaacic","article_modified_time":"2026-04-27T11:53:25+00:00","og_image":[{"width":533,"height":800,"url":"https:\/\/fundaciocoravant.org\/wp-content\/uploads\/2026\/04\/TALLER_VIRTUAL_RELAXACIO_2_digital.jpg","type":"image\/jpeg"}],"twitter_card":"summary_large_image","twitter_site":"@coravant","twitter_misc":{"Tiempo de lectura":"2 minutos"},"schema":{"@context":"https:\/\/schema.org","@graph":[{"@type":"WebPage","@id":"https:\/\/fundaciocoravant.org\/es\/agenda\/taller-virtual-de-relajacion-cuerpo-y-mente-11-mayo-2026\/","url":"https:\/\/fundaciocoravant.org\/es\/agenda\/taller-virtual-de-relajacion-cuerpo-y-mente-11-mayo-2026\/","name":"Taller virtual de relajaci\u00f3n Cuerpo y Mente 2025-2026 - CorAvant","isPartOf":{"@id":"https:\/\/fundaciocoravant.org\/#website"},"primaryImageOfPage":{"@id":"https:\/\/fundaciocoravant.org\/es\/agenda\/taller-virtual-de-relajacion-cuerpo-y-mente-11-mayo-2026\/#primaryimage"},"image":{"@id":"https:\/\/fundaciocoravant.org\/es\/agenda\/taller-virtual-de-relajacion-cuerpo-y-mente-11-mayo-2026\/#primaryimage"},"thumbnailUrl":"https:\/\/fundaciocoravant.org\/wp-content\/uploads\/2026\/04\/TALLER_VIRTUAL_RELAXACIO_2_digital.jpg","datePublished":"2026-04-27T10:43:00+00:00","dateModified":"2026-04-27T11:53:25+00:00","breadcrumb":{"@id":"https:\/\/fundaciocoravant.org\/es\/agenda\/taller-virtual-de-relajacion-cuerpo-y-mente-11-mayo-2026\/#breadcrumb"},"inLanguage":"es","potentialAction":[{"@type":"ReadAction","target":["https:\/\/fundaciocoravant.org\/es\/agenda\/taller-virtual-de-relajacion-cuerpo-y-mente-11-mayo-2026\/"]}]},{"@type":"ImageObject","inLanguage":"es","@id":"https:\/\/fundaciocoravant.org\/es\/agenda\/taller-virtual-de-relajacion-cuerpo-y-mente-11-mayo-2026\/#primaryimage","url":"https:\/\/fundaciocoravant.org\/wp-content\/uploads\/2026\/04\/TALLER_VIRTUAL_RELAXACIO_2_digital.jpg","contentUrl":"https:\/\/fundaciocoravant.org\/wp-content\/uploads\/2026\/04\/TALLER_VIRTUAL_RELAXACIO_2_digital.jpg","width":533,"height":800,"caption":"Taller virtual de relajaci\u00f3n Cuerpo y Mente"},{"@type":"BreadcrumbList","@id":"https:\/\/fundaciocoravant.org\/es\/agenda\/taller-virtual-de-relajacion-cuerpo-y-mente-11-mayo-2026\/#breadcrumb","itemListElement":[{"@type":"ListItem","position":1,"name":"Home","item":"https:\/\/fundaciocoravant.org\/es\/"},{"@type":"ListItem","position":2,"name":"Agenda","item":"https:\/\/fundaciocoravant.org\/agenda\/"},{"@type":"ListItem","position":3,"name":"Taller virtual de relajaci\u00f3n Cuerpo y Mente 2025-2026"}]},{"@type":"WebSite","@id":"https:\/\/fundaciocoravant.org\/#website","url":"https:\/\/fundaciocoravant.org\/","name":"CorAvant","description":"Fundaci\u00f3 de joves i adults amb cardiopatia","publisher":{"@id":"https:\/\/fundaciocoravant.org\/#organization"},"potentialAction":[{"@type":"SearchAction","target":{"@type":"EntryPoint","urlTemplate":"https:\/\/fundaciocoravant.org\/?s={search_term_string}"},"query-input":{"@type":"PropertyValueSpecification","valueRequired":true,"valueName":"search_term_string"}}],"inLanguage":"es"},{"@type":"Organization","@id":"https:\/\/fundaciocoravant.org\/#organization","name":"CorAvant","url":"https:\/\/fundaciocoravant.org\/","logo":{"@type":"ImageObject","inLanguage":"es","@id":"https:\/\/fundaciocoravant.org\/#\/schema\/logo\/image\/","url":"https:\/\/fundaciocoravant.org\/wp-content\/uploads\/2025\/11\/cropped-cropped-LOGO_CORAVANT-15-anys_CASTELLANO.png","contentUrl":"https:\/\/fundaciocoravant.org\/wp-content\/uploads\/2025\/11\/cropped-cropped-LOGO_CORAVANT-15-anys_CASTELLANO.png","width":1404,"height":979,"caption":"CorAvant"},"image":{"@id":"https:\/\/fundaciocoravant.org\/#\/schema\/logo\/image\/"},"sameAs":["https:\/\/www.facebook.com\/coravantaacic","https:\/\/x.com\/coravant","https:\/\/www.instagram.com\/coravantaacic\/","https:\/\/www.youtube.com\/@CorAvantAACIC_cardiopaties","https:\/\/www.linkedin.com\/company\/fundacio-coravant\/"]}]}},"_links":{"self":[{"href":"https:\/\/fundaciocoravant.org\/es\/wp-json\/wp\/v2\/agenda\/2037","targetHints":{"allow":["GET"]}}],"collection":[{"href":"https:\/\/fundaciocoravant.org\/es\/wp-json\/wp\/v2\/agenda"}],"about":[{"href":"https:\/\/fundaciocoravant.org\/es\/wp-json\/wp\/v2\/types\/agenda"}],"wp:featuredmedia":[{"embeddable":true,"href":"https:\/\/fundaciocoravant.org\/es\/wp-json\/wp\/v2\/media\/2035"}],"wp:attachment":[{"href":"https:\/\/fundaciocoravant.org\/es\/wp-json\/wp\/v2\/media?parent=2037"}],"curies":[{"name":"wp","href":"https:\/\/api.w.org\/{rel}","templated":true}]}}