{"id":2038,"date":"2026-04-27T10:48:05","date_gmt":"2026-04-27T10:48:05","guid":{"rendered":"https:\/\/fundaciocoravant.org\/agenda\/taller-virtual-de-relajacion-cuerpo-y-mente-2025-2026\/"},"modified":"2026-04-27T11:19:10","modified_gmt":"2026-04-27T11:19:10","slug":"taller-virtual-de-relajacion-cuerpo-y-mente-18-mayo-2026","status":"publish","type":"agenda","link":"https:\/\/fundaciocoravant.org\/es\/agenda\/taller-virtual-de-relajacion-cuerpo-y-mente-18-mayo-2026\/","title":{"rendered":"Taller virtual de relajaci\u00f3n Cuerpo y Mente 2025-2026"},"content":{"rendered":"\n<h2 class=\"wp-block-heading\">Practicaremos ejercicios de correcci\u00f3n postural y de estiramientos de las diferentes partes del cuerpo, la respiraci\u00f3n consciente y la visualizaci\u00f3n con el fin de conseguir un estado de bienestar.<\/h2>\n\n\n\n<p>Dirigido a:<\/p>\n\n\n\n<ul class=\"wp-block-list\">\n<li>Personas j\u00f3venes y adultas que viven con una cardiopat\u00eda<\/li>\n\n\n\n<li>Padres y madres que tienen un hijo o una hija que tiene una cardiopat\u00eda<\/li>\n\n\n\n<li>P\u00fablico en general<\/li>\n<\/ul>\n\n\n\n<p>D\u00eda: <strong>lunes<\/strong> <strong>18 de mayo de 2026<\/strong><\/p>\n\n\n\n<p>Horario: <strong>de 16 a 17 horas<\/strong><\/p>\n\n\n\n<p>Periodicidad: semanal, los lunes (excepto fiestas escolares o puentes)<\/p>\n\n\n\n<p>Formato: <strong>online<\/strong> (te enviaremos el enlace de la sesi\u00f3n)<\/p>\n\n\n\n<p>Coordinadora: <strong>Rosana Moyano<\/strong>, psic\u00f3loga sanitaria de la entidad<\/p>\n\n\n\n<p>Precio:<\/p>\n\n\n\n<ul class=\"wp-block-list\">\n<li>Socios y socias de la Fundaci\u00f3n CorAvant o de la AACIC (Asociaci\u00f3n de Cardiopat\u00edas Cong\u00e9nitas): 30 \u20ac\/trimestre o 12 \u20ac\/mes<\/li>\n\n\n\n<li>Inscripci\u00f3n general para personas no socias: 40 \u20ac\/trimestre o 15 \u20ac\/mes<\/li>\n<\/ul>\n\n\n\n<p>N\u00famero de cuenta:<\/p>\n\n\n\n<ul class=\"wp-block-list\">\n<li><strong>BBVA: ES42 0182 7301 7902 0020 1965<\/strong><\/li>\n\n\n\n<li><strong>La Caixa: ES15 2100 0812 1102 0075 6055<\/strong><\/li>\n<\/ul>\n\n\n\n<h2 class=\"wp-block-heading\">D\u00e9janos tus datos ap\u00fantate al taller virtual de relajaci\u00f3 Cuerpo y Mente:<\/h2>\n\n\n\n<div class=\"wp-block-contact-form-7-contact-form-selector\">\n<div class=\"wpcf7 no-js\" id=\"wpcf7-f386-o1\" lang=\"ca\" dir=\"ltr\" data-wpcf7-id=\"386\">\n<div class=\"screen-reader-response\"><p role=\"status\" aria-live=\"polite\" aria-atomic=\"true\"><\/p> <ul><\/ul><\/div>\n<form action=\"\/es\/wp-json\/wp\/v2\/agenda\/2038#wpcf7-f386-o1\" method=\"post\" class=\"wpcf7-form init\" aria-label=\"Formulari de contacte\" novalidate=\"novalidate\" data-status=\"init\">\n<fieldset class=\"hidden-fields-container\"><input type=\"hidden\" name=\"_wpcf7\" value=\"386\" \/><input type=\"hidden\" name=\"_wpcf7_version\" value=\"6.1.5\" \/><input type=\"hidden\" name=\"_wpcf7_locale\" value=\"ca\" \/><input type=\"hidden\" name=\"_wpcf7_unit_tag\" value=\"wpcf7-f386-o1\" \/><input type=\"hidden\" name=\"_wpcf7_container_post\" value=\"0\" \/><input type=\"hidden\" name=\"_wpcf7_posted_data_hash\" value=\"\" \/><input type=\"hidden\" name=\"_wpcf7_recaptcha_response\" value=\"\" \/>\n<\/fieldset>\n<p>Nombre y apellidos*\n<\/p>\n<p><span class=\"wpcf7-form-control-wrap\" data-name=\"text-956\"><input size=\"40\" maxlength=\"400\" class=\"wpcf7-form-control wpcf7-text wpcf7-validates-as-required\" aria-required=\"true\" aria-invalid=\"false\" value=\"\" type=\"text\" name=\"text-956\" \/><\/span>\n<\/p>\n<p>Edad*\n<\/p>\n<p><span class=\"wpcf7-form-control-wrap\" data-name=\"text-729\"><input size=\"40\" maxlength=\"400\" class=\"wpcf7-form-control wpcf7-text wpcf7-validates-as-required\" aria-required=\"true\" aria-invalid=\"false\" value=\"\" type=\"text\" name=\"text-729\" \/><\/span>\n<\/p>\n<p>Poblaci\u00f3n*\n<\/p>\n<p><span class=\"wpcf7-form-control-wrap\" data-name=\"text-688\"><input size=\"40\" maxlength=\"400\" class=\"wpcf7-form-control wpcf7-text wpcf7-validates-as-required\" aria-required=\"true\" aria-invalid=\"false\" value=\"\" type=\"text\" name=\"text-688\" \/><\/span>\n<\/p>\n<p>Correo electr\u00f3nico*\n<\/p>\n<p><span class=\"wpcf7-form-control-wrap\" data-name=\"email-650\"><input size=\"40\" maxlength=\"400\" class=\"wpcf7-form-control wpcf7-email wpcf7-validates-as-required wpcf7-text wpcf7-validates-as-email\" aria-required=\"true\" aria-invalid=\"false\" value=\"\" type=\"email\" name=\"email-650\" \/><\/span>\n<\/p>\n<p>N\u00famero de tel\u00e9fono*\n<\/p>\n<p><span class=\"wpcf7-form-control-wrap\" data-name=\"tel-903\"><input size=\"40\" maxlength=\"400\" class=\"wpcf7-form-control wpcf7-tel wpcf7-validates-as-required wpcf7-text wpcf7-validates-as-tel\" aria-required=\"true\" aria-invalid=\"false\" value=\"\" type=\"tel\" name=\"tel-903\" \/><\/span>\n<\/p>\n<p>\u00bfEres socio o socia de la Fundaci\u00f3n CorAvant o de AACIC (Asociaci\u00f3n de Cardiopat\u00edas Cong\u00e9nitas)?*\n<\/p>\n<p><span class=\"wpcf7-form-control-wrap\" data-name=\"radio-359\"><span class=\"wpcf7-form-control wpcf7-radio\"><span class=\"wpcf7-list-item first\"><label><input type=\"radio\" name=\"radio-359\" value=\"S\u00ed\" \/><span class=\"wpcf7-list-item-label\">S\u00ed<\/span><\/label><\/span><span class=\"wpcf7-list-item last\"><label><input type=\"radio\" name=\"radio-359\" value=\"No\" \/><span class=\"wpcf7-list-item-label\">No<\/span><\/label><\/span><\/span><\/span>\n<\/p>\n<p>Escoge la cuota que m\u00e1s se adapte a ti*\n<\/p>\n<p><span class=\"wpcf7-form-control-wrap\" data-name=\"radio-36\"><span class=\"wpcf7-form-control wpcf7-radio\"><span class=\"wpcf7-list-item first\"><label><input type=\"radio\" name=\"radio-36\" value=\"Trimestral\" \/><span class=\"wpcf7-list-item-label\">Trimestral<\/span><\/label><\/span><span class=\"wpcf7-list-item last\"><label><input type=\"radio\" name=\"radio-36\" value=\"Mensual\" \/><span class=\"wpcf7-list-item-label\">Mensual<\/span><\/label><\/span><\/span><\/span>\n<\/p>\n<p>\u00bfQuieres recibir informaci\u00f3n de todo lo qu\u00e9 hacemos?*\n<\/p>\n<p><span class=\"wpcf7-form-control-wrap\" data-name=\"radio-252\"><span class=\"wpcf7-form-control wpcf7-radio\"><span class=\"wpcf7-list-item first\"><label><input type=\"radio\" name=\"radio-252\" value=\"S\u00ed, tinc un\/a fill\/a amb cardiopatia\" \/><span class=\"wpcf7-list-item-label\">S\u00ed, tinc un\/a fill\/a amb cardiopatia<\/span><\/label><\/span><span class=\"wpcf7-list-item\"><label><input type=\"radio\" name=\"radio-252\" value=\"S\u00ed, tinc un\/a familiar amb cardiopatia\" \/><span class=\"wpcf7-list-item-label\">S\u00ed, tinc un\/a familiar amb cardiopatia<\/span><\/label><\/span><span class=\"wpcf7-list-item\"><label><input type=\"radio\" name=\"radio-252\" value=\"S\u00ed, tinc una cardiopatia\" \/><span class=\"wpcf7-list-item-label\">S\u00ed, tinc una cardiopatia<\/span><\/label><\/span><span class=\"wpcf7-list-item\"><label><input type=\"radio\" name=\"radio-252\" value=\"S\u00ed, perqu\u00e8...\" \/><span class=\"wpcf7-list-item-label\">S\u00ed, perqu\u00e8...<\/span><\/label><\/span><span class=\"wpcf7-list-item last\"><label><input type=\"radio\" name=\"radio-252\" value=\"No\" \/><span class=\"wpcf7-list-item-label\">No<\/span><\/label><\/span><\/span><\/span>\n<\/p>\n<p>*campos obligatorios\n<\/p>\n<p><input class=\"wpcf7-form-control wpcf7-submit has-spinner\" type=\"submit\" value=\"Enviar\" \/><br \/>\n<small>Este sitio est\u00e1 protegido por reCAPTCHA y se aplican la <a href=\"https:\/\/policies.google.com\/privacy\">pol\u00edtica de privacidad<\/a> y <a href=\"https:\/\/policies.google.com\/terms\">t\u00e9rminos del servicio<\/a> de Google.<\/small><br \/>\n<small>De conformidad con lo establecido al Reglamento Europeo 2016\/679 del Parlamento Europeo y la Ley Org\u00e1nica 3\/2018 de Protecci\u00f3n de Datos Personales y Garant\u00eda de Derechos Digitales, te informamos que los datos incorporados en este formulario quedan incorporadas a los sistemas de informaci\u00f3n propiedad de la Fundaci\u00f3n CorAvant, responsable del tratamiento. <\/small><br \/>\n<small>En cualquier momento puedes ejercer los derechos de supresi\u00f3n, acceso, limitaci\u00f3n, oposici\u00f3n, portabilidad, rectificaci\u00f3n y revocaci\u00f3n del consentimiento a trav\u00e9s de la direcci\u00f3n de correo electr\u00f3nico coravant@fundaciocoravant.org<\/small><br \/>\n<small>Para m\u00e1s informaci\u00f3n sobre el tratamiento de tus datos personales <a href=\" https:\/\/fundaciocoravant.org\/es\/politica-de-privacidad\/\">consulta nuestra pol\u00edtica de privacidad en el siguiente enlace<\/a><\/small>\n<\/p><div class=\"wpcf7-response-output\" aria-hidden=\"true\"><\/div>\n<\/form>\n<\/div>\n<\/div>\n","protected":false},"featured_media":2035,"template":"","meta":{"_acf_changed":true,"give_campaign_id":0},"class_list":["post-2038","agenda","type-agenda","status-publish","has-post-thumbnail","hentry"],"acf":[],"yoast_head":"<!-- This site is optimized with the Yoast SEO plugin v27.2 - https:\/\/yoast.com\/product\/yoast-seo-wordpress\/ -->\n<title>Taller virtual de relajaci\u00f3n Cuerpo y Mente 2025-2026 - CorAvant<\/title>\n<meta name=\"robots\" content=\"index, follow, max-snippet:-1, max-image-preview:large, max-video-preview:-1\" \/>\n<link rel=\"canonical\" href=\"https:\/\/fundaciocoravant.org\/es\/agenda\/taller-virtual-de-relajacion-cuerpo-y-mente-18-mayo-2026\/\" \/>\n<meta property=\"og:locale\" content=\"es_ES\" \/>\n<meta property=\"og:type\" content=\"article\" \/>\n<meta property=\"og:title\" content=\"Taller virtual de relajaci\u00f3n Cuerpo y Mente 2025-2026 - CorAvant\" \/>\n<meta property=\"og:description\" content=\"Practicaremos ejercicios de correcci\u00f3n postural y de estiramientos de las diferentes partes del cuerpo, la respiraci\u00f3n consciente y la visualizaci\u00f3n con el fin de conseguir un estado de bienestar. Dirigido a: D\u00eda: lunes 18 de mayo de 2026 Horario: de 16 a 17 horas Periodicidad: semanal, los lunes (excepto fiestas escolares o puentes) Formato: onlineContinue reading &quot;Taller virtual de relajaci\u00f3n Cuerpo y Mente 2025-2026&quot;\" \/>\n<meta property=\"og:url\" content=\"https:\/\/fundaciocoravant.org\/es\/agenda\/taller-virtual-de-relajacion-cuerpo-y-mente-18-mayo-2026\/\" \/>\n<meta property=\"og:site_name\" content=\"CorAvant\" \/>\n<meta property=\"article:publisher\" content=\"https:\/\/www.facebook.com\/coravantaacic\" \/>\n<meta property=\"article:modified_time\" content=\"2026-04-27T11:19:10+00:00\" \/>\n<meta property=\"og:image\" content=\"https:\/\/fundaciocoravant.org\/wp-content\/uploads\/2026\/04\/TALLER_VIRTUAL_RELAXACIO_2_digital.jpg\" \/>\n\t<meta property=\"og:image:width\" content=\"533\" \/>\n\t<meta property=\"og:image:height\" content=\"800\" \/>\n\t<meta property=\"og:image:type\" content=\"image\/jpeg\" \/>\n<meta name=\"twitter:card\" content=\"summary_large_image\" \/>\n<meta name=\"twitter:site\" content=\"@coravant\" \/>\n<meta name=\"twitter:label1\" content=\"Tiempo de lectura\" \/>\n\t<meta name=\"twitter:data1\" content=\"2 minutos\" \/>\n<script type=\"application\/ld+json\" class=\"yoast-schema-graph\">{\"@context\":\"https:\/\/schema.org\",\"@graph\":[{\"@type\":\"WebPage\",\"@id\":\"https:\/\/fundaciocoravant.org\/es\/agenda\/taller-virtual-de-relajacion-cuerpo-y-mente-18-mayo-2026\/\",\"url\":\"https:\/\/fundaciocoravant.org\/es\/agenda\/taller-virtual-de-relajacion-cuerpo-y-mente-18-mayo-2026\/\",\"name\":\"Taller virtual de relajaci\u00f3n Cuerpo y Mente 2025-2026 - CorAvant\",\"isPartOf\":{\"@id\":\"https:\/\/fundaciocoravant.org\/#website\"},\"primaryImageOfPage\":{\"@id\":\"https:\/\/fundaciocoravant.org\/es\/agenda\/taller-virtual-de-relajacion-cuerpo-y-mente-18-mayo-2026\/#primaryimage\"},\"image\":{\"@id\":\"https:\/\/fundaciocoravant.org\/es\/agenda\/taller-virtual-de-relajacion-cuerpo-y-mente-18-mayo-2026\/#primaryimage\"},\"thumbnailUrl\":\"https:\/\/fundaciocoravant.org\/wp-content\/uploads\/2026\/04\/TALLER_VIRTUAL_RELAXACIO_2_digital.jpg\",\"datePublished\":\"2026-04-27T10:48:05+00:00\",\"dateModified\":\"2026-04-27T11:19:10+00:00\",\"breadcrumb\":{\"@id\":\"https:\/\/fundaciocoravant.org\/es\/agenda\/taller-virtual-de-relajacion-cuerpo-y-mente-18-mayo-2026\/#breadcrumb\"},\"inLanguage\":\"es\",\"potentialAction\":[{\"@type\":\"ReadAction\",\"target\":[\"https:\/\/fundaciocoravant.org\/es\/agenda\/taller-virtual-de-relajacion-cuerpo-y-mente-18-mayo-2026\/\"]}]},{\"@type\":\"ImageObject\",\"inLanguage\":\"es\",\"@id\":\"https:\/\/fundaciocoravant.org\/es\/agenda\/taller-virtual-de-relajacion-cuerpo-y-mente-18-mayo-2026\/#primaryimage\",\"url\":\"https:\/\/fundaciocoravant.org\/wp-content\/uploads\/2026\/04\/TALLER_VIRTUAL_RELAXACIO_2_digital.jpg\",\"contentUrl\":\"https:\/\/fundaciocoravant.org\/wp-content\/uploads\/2026\/04\/TALLER_VIRTUAL_RELAXACIO_2_digital.jpg\",\"width\":533,\"height\":800,\"caption\":\"Taller virtual de relajaci\u00f3n Cuerpo y Mente\"},{\"@type\":\"BreadcrumbList\",\"@id\":\"https:\/\/fundaciocoravant.org\/es\/agenda\/taller-virtual-de-relajacion-cuerpo-y-mente-18-mayo-2026\/#breadcrumb\",\"itemListElement\":[{\"@type\":\"ListItem\",\"position\":1,\"name\":\"Home\",\"item\":\"https:\/\/fundaciocoravant.org\/es\/\"},{\"@type\":\"ListItem\",\"position\":2,\"name\":\"Agenda\",\"item\":\"https:\/\/fundaciocoravant.org\/agenda\/\"},{\"@type\":\"ListItem\",\"position\":3,\"name\":\"Taller virtual de relajaci\u00f3n Cuerpo y Mente 2025-2026\"}]},{\"@type\":\"WebSite\",\"@id\":\"https:\/\/fundaciocoravant.org\/#website\",\"url\":\"https:\/\/fundaciocoravant.org\/\",\"name\":\"CorAvant\",\"description\":\"Fundaci\u00f3 de joves i adults amb cardiopatia\",\"publisher\":{\"@id\":\"https:\/\/fundaciocoravant.org\/#organization\"},\"potentialAction\":[{\"@type\":\"SearchAction\",\"target\":{\"@type\":\"EntryPoint\",\"urlTemplate\":\"https:\/\/fundaciocoravant.org\/?s={search_term_string}\"},\"query-input\":{\"@type\":\"PropertyValueSpecification\",\"valueRequired\":true,\"valueName\":\"search_term_string\"}}],\"inLanguage\":\"es\"},{\"@type\":\"Organization\",\"@id\":\"https:\/\/fundaciocoravant.org\/#organization\",\"name\":\"CorAvant\",\"url\":\"https:\/\/fundaciocoravant.org\/\",\"logo\":{\"@type\":\"ImageObject\",\"inLanguage\":\"es\",\"@id\":\"https:\/\/fundaciocoravant.org\/#\/schema\/logo\/image\/\",\"url\":\"https:\/\/fundaciocoravant.org\/wp-content\/uploads\/2025\/11\/cropped-cropped-LOGO_CORAVANT-15-anys_CASTELLANO.png\",\"contentUrl\":\"https:\/\/fundaciocoravant.org\/wp-content\/uploads\/2025\/11\/cropped-cropped-LOGO_CORAVANT-15-anys_CASTELLANO.png\",\"width\":1404,\"height\":979,\"caption\":\"CorAvant\"},\"image\":{\"@id\":\"https:\/\/fundaciocoravant.org\/#\/schema\/logo\/image\/\"},\"sameAs\":[\"https:\/\/www.facebook.com\/coravantaacic\",\"https:\/\/x.com\/coravant\",\"https:\/\/www.instagram.com\/coravantaacic\/\",\"https:\/\/www.youtube.com\/@CorAvantAACIC_cardiopaties\",\"https:\/\/www.linkedin.com\/company\/fundacio-coravant\/\"]}]}<\/script>\n<!-- \/ Yoast SEO plugin. -->","yoast_head_json":{"title":"Taller virtual de relajaci\u00f3n Cuerpo y Mente 2025-2026 - CorAvant","robots":{"index":"index","follow":"follow","max-snippet":"max-snippet:-1","max-image-preview":"max-image-preview:large","max-video-preview":"max-video-preview:-1"},"canonical":"https:\/\/fundaciocoravant.org\/es\/agenda\/taller-virtual-de-relajacion-cuerpo-y-mente-18-mayo-2026\/","og_locale":"es_ES","og_type":"article","og_title":"Taller virtual de relajaci\u00f3n Cuerpo y Mente 2025-2026 - CorAvant","og_description":"Practicaremos ejercicios de correcci\u00f3n postural y de estiramientos de las diferentes partes del cuerpo, la respiraci\u00f3n consciente y la visualizaci\u00f3n con el fin de conseguir un estado de bienestar. Dirigido a: D\u00eda: lunes 18 de mayo de 2026 Horario: de 16 a 17 horas Periodicidad: semanal, los lunes (excepto fiestas escolares o puentes) Formato: onlineContinue reading \"Taller virtual de relajaci\u00f3n Cuerpo y Mente 2025-2026\"","og_url":"https:\/\/fundaciocoravant.org\/es\/agenda\/taller-virtual-de-relajacion-cuerpo-y-mente-18-mayo-2026\/","og_site_name":"CorAvant","article_publisher":"https:\/\/www.facebook.com\/coravantaacic","article_modified_time":"2026-04-27T11:19:10+00:00","og_image":[{"width":533,"height":800,"url":"https:\/\/fundaciocoravant.org\/wp-content\/uploads\/2026\/04\/TALLER_VIRTUAL_RELAXACIO_2_digital.jpg","type":"image\/jpeg"}],"twitter_card":"summary_large_image","twitter_site":"@coravant","twitter_misc":{"Tiempo de lectura":"2 minutos"},"schema":{"@context":"https:\/\/schema.org","@graph":[{"@type":"WebPage","@id":"https:\/\/fundaciocoravant.org\/es\/agenda\/taller-virtual-de-relajacion-cuerpo-y-mente-18-mayo-2026\/","url":"https:\/\/fundaciocoravant.org\/es\/agenda\/taller-virtual-de-relajacion-cuerpo-y-mente-18-mayo-2026\/","name":"Taller virtual de relajaci\u00f3n Cuerpo y Mente 2025-2026 - CorAvant","isPartOf":{"@id":"https:\/\/fundaciocoravant.org\/#website"},"primaryImageOfPage":{"@id":"https:\/\/fundaciocoravant.org\/es\/agenda\/taller-virtual-de-relajacion-cuerpo-y-mente-18-mayo-2026\/#primaryimage"},"image":{"@id":"https:\/\/fundaciocoravant.org\/es\/agenda\/taller-virtual-de-relajacion-cuerpo-y-mente-18-mayo-2026\/#primaryimage"},"thumbnailUrl":"https:\/\/fundaciocoravant.org\/wp-content\/uploads\/2026\/04\/TALLER_VIRTUAL_RELAXACIO_2_digital.jpg","datePublished":"2026-04-27T10:48:05+00:00","dateModified":"2026-04-27T11:19:10+00:00","breadcrumb":{"@id":"https:\/\/fundaciocoravant.org\/es\/agenda\/taller-virtual-de-relajacion-cuerpo-y-mente-18-mayo-2026\/#breadcrumb"},"inLanguage":"es","potentialAction":[{"@type":"ReadAction","target":["https:\/\/fundaciocoravant.org\/es\/agenda\/taller-virtual-de-relajacion-cuerpo-y-mente-18-mayo-2026\/"]}]},{"@type":"ImageObject","inLanguage":"es","@id":"https:\/\/fundaciocoravant.org\/es\/agenda\/taller-virtual-de-relajacion-cuerpo-y-mente-18-mayo-2026\/#primaryimage","url":"https:\/\/fundaciocoravant.org\/wp-content\/uploads\/2026\/04\/TALLER_VIRTUAL_RELAXACIO_2_digital.jpg","contentUrl":"https:\/\/fundaciocoravant.org\/wp-content\/uploads\/2026\/04\/TALLER_VIRTUAL_RELAXACIO_2_digital.jpg","width":533,"height":800,"caption":"Taller virtual de relajaci\u00f3n Cuerpo y Mente"},{"@type":"BreadcrumbList","@id":"https:\/\/fundaciocoravant.org\/es\/agenda\/taller-virtual-de-relajacion-cuerpo-y-mente-18-mayo-2026\/#breadcrumb","itemListElement":[{"@type":"ListItem","position":1,"name":"Home","item":"https:\/\/fundaciocoravant.org\/es\/"},{"@type":"ListItem","position":2,"name":"Agenda","item":"https:\/\/fundaciocoravant.org\/agenda\/"},{"@type":"ListItem","position":3,"name":"Taller virtual de relajaci\u00f3n Cuerpo y Mente 2025-2026"}]},{"@type":"WebSite","@id":"https:\/\/fundaciocoravant.org\/#website","url":"https:\/\/fundaciocoravant.org\/","name":"CorAvant","description":"Fundaci\u00f3 de joves i adults amb cardiopatia","publisher":{"@id":"https:\/\/fundaciocoravant.org\/#organization"},"potentialAction":[{"@type":"SearchAction","target":{"@type":"EntryPoint","urlTemplate":"https:\/\/fundaciocoravant.org\/?s={search_term_string}"},"query-input":{"@type":"PropertyValueSpecification","valueRequired":true,"valueName":"search_term_string"}}],"inLanguage":"es"},{"@type":"Organization","@id":"https:\/\/fundaciocoravant.org\/#organization","name":"CorAvant","url":"https:\/\/fundaciocoravant.org\/","logo":{"@type":"ImageObject","inLanguage":"es","@id":"https:\/\/fundaciocoravant.org\/#\/schema\/logo\/image\/","url":"https:\/\/fundaciocoravant.org\/wp-content\/uploads\/2025\/11\/cropped-cropped-LOGO_CORAVANT-15-anys_CASTELLANO.png","contentUrl":"https:\/\/fundaciocoravant.org\/wp-content\/uploads\/2025\/11\/cropped-cropped-LOGO_CORAVANT-15-anys_CASTELLANO.png","width":1404,"height":979,"caption":"CorAvant"},"image":{"@id":"https:\/\/fundaciocoravant.org\/#\/schema\/logo\/image\/"},"sameAs":["https:\/\/www.facebook.com\/coravantaacic","https:\/\/x.com\/coravant","https:\/\/www.instagram.com\/coravantaacic\/","https:\/\/www.youtube.com\/@CorAvantAACIC_cardiopaties","https:\/\/www.linkedin.com\/company\/fundacio-coravant\/"]}]}},"_links":{"self":[{"href":"https:\/\/fundaciocoravant.org\/es\/wp-json\/wp\/v2\/agenda\/2038","targetHints":{"allow":["GET"]}}],"collection":[{"href":"https:\/\/fundaciocoravant.org\/es\/wp-json\/wp\/v2\/agenda"}],"about":[{"href":"https:\/\/fundaciocoravant.org\/es\/wp-json\/wp\/v2\/types\/agenda"}],"wp:featuredmedia":[{"embeddable":true,"href":"https:\/\/fundaciocoravant.org\/es\/wp-json\/wp\/v2\/media\/2035"}],"wp:attachment":[{"href":"https:\/\/fundaciocoravant.org\/es\/wp-json\/wp\/v2\/media?parent=2038"}],"curies":[{"name":"wp","href":"https:\/\/api.w.org\/{rel}","templated":true}]}}