{"id":178,"date":"2025-11-27T10:39:19","date_gmt":"2025-11-27T10:39:19","guid":{"rendered":"https:\/\/fundaciocoravant.org\/inici\/"},"modified":"2026-04-27T11:04:33","modified_gmt":"2026-04-27T11:04:33","slug":"inici","status":"publish","type":"page","link":"https:\/\/fundaciocoravant.org\/es\/","title":{"rendered":"inicio"},"content":{"rendered":"\n<div class=\"wp-block-columns gap-0 is-layout-flex wp-container-core-columns-is-layout-9d6595d7 wp-block-columns-is-layout-flex\">\n<div class=\"wp-block-column bg-primary is-layout-flow wp-block-column-is-layout-flow\">\n<h2 class=\"wp-block-heading text-white md:px-20 md:py-24 px-4 py-8 lg:text-5xl\">La cardiopat\u00eda es una enfermedad que no se ve, pero que se vive. Te acompa\u00f1amos <br>a convivir con ella.<\/h2>\n<\/div>\n\n\n\n<div class=\"wp-block-column is-layout-flow wp-block-column-is-layout-flow\" style=\"flex-basis:55%\">\n<figure class=\"wp-block-image size-full w-full h-full img-cover\"><img loading=\"lazy\" decoding=\"async\" width=\"875\" height=\"413\" src=\"https:\/\/fundaciocoravant.org\/wp-content\/uploads\/2025\/11\/descordat-coravant2.jpeg\" alt=\"fundaci\u00f3n cardiopat\u00edas\" class=\"wp-image-59\" srcset=\"https:\/\/fundaciocoravant.org\/wp-content\/uploads\/2025\/11\/descordat-coravant2.jpeg 875w, https:\/\/fundaciocoravant.org\/wp-content\/uploads\/2025\/11\/descordat-coravant2-300x142.jpeg 300w, https:\/\/fundaciocoravant.org\/wp-content\/uploads\/2025\/11\/descordat-coravant2-768x362.jpeg 768w\" sizes=\"auto, (max-width: 875px) 100vw, 875px\" \/><\/figure>\n<\/div>\n<\/div>\n\n\n\n<div class=\"wp-block-group max-w-4xl mx-auto py-8 md:py-16 px-4 md:px-0 is-layout-constrained wp-block-group-is-layout-constrained\">\n<p class=\"text-xl\">Las <strong>enfermedades cardiovasculares<\/strong> nos pueden afectar a todas y a todos y pueden aparecer en cualquier momento, incluso cuando menos las esperamos.<\/p>\n\n\n\n<p class=\"text-xl\">En Catalu\u00f1a, <strong>2 de cada 10 personas de menos de 45 a\u00f1os y m\u00e1s de la mitad de las que tienen entre 45 y 64 presentan alg\u00fan factor de riesgo cardiovascular.<\/strong><\/p>\n\n\n\n<p class=\"text-xl\">Hay factores que no podemos controlar, como la edad o los antecedentes familiares. Pero la buena noticia es que podemos hacer mucho para cuidar nuestro coraz\u00f3n: dejar de fumar, cuidar nuestro bienestar emocional, realizar ejercicio f\u00edsico cada d\u00eda, seguir una alimentaci\u00f3n cardiosaludable, y revisar nuestro coraz\u00f3n de vez en cuando.<\/p>\n\n\n\n<p class=\"text-xl\"><strong>Desde la Fundaci\u00f3n CorAvant, fundaci\u00f3n de cardiopat\u00edas, te animamos a hacer un cambio en tu estilo de vida. \u00a1Mu\u00e9vete por el coraz\u00f3n!<\/strong><\/p>\n<\/div>\n\n\n\n<div class=\"wp-block-group bg-primary text-white md:py-16 py-4 is-layout-constrained wp-block-group-is-layout-constrained\">\n<div class=\"wp-block-group max-w-4xl mx-auto px-4 md:px-0 is-layout-constrained wp-block-group-is-layout-constrained\">\n<h2 class=\"wp-block-heading has-text-align-center\" style=\"font-size:24px\">La Fundaci\u00f3n CorAvant, fundaci\u00f3n de cardiopat\u00edas, estamos a tu lado:<\/h2>\n\n\n\n<ul class=\"wp-block-list list-coravant py-8\">\n<li>Te ofrecemos apoyo y orientaci\u00f3n ante el diagn\u00f3stico o posibles cambios en tu estado de salud.<\/li>\n\n\n\n<li>Te ayudamos en los momentos de ansiedad y angustia que el impacto de la enfermedad te pueda causar.<\/li>\n\n\n\n<li>Te explicamos c\u00f3mo prepararte para una intervenci\u00f3n quir\u00fargica, cateterismo, pruebas, visitas a los especialistas\u2026<\/li>\n\n\n\n<li>Te informamos de los derechos que tienes, de los permisos que puedes pedir y de los recursos que tienes a tu disposici\u00f3n.<\/li>\n\n\n\n<li>Te orientamos en temas laborales y acad\u00e9micos.<\/li>\n\n\n\n<li>Te ponemos en contacto con otras personas con cardiopat\u00eda a trav\u00e9s de nuestras actividades (grupos en l\u00ednea, talleres, charlas a cargo de expertos\u2026) para compartir experiencias.<\/li>\n<\/ul>\n<\/div>\n<\/div>\n\n\n\n<div class=\"wp-block-group md:px-20 md:py-16 py-8 px-4 is-layout-constrained wp-block-group-is-layout-constrained\">\n<h2 class=\"wp-block-heading border-b max-w-full\">Actualidad<\/h2>\n\n\n<div class=\"cat-post flex flex-col md:grid md:grid-cols-3 gap-12 mt-8 max-w-none\"><div class=\"cat-post-list\"><div class=\"cat-post-images w-full h-[219px]\"><img loading=\"lazy\" decoding=\"async\" width=\"1000\" height=\"280\" src=\"https:\/\/fundaciocoravant.org\/wp-content\/uploads\/2026\/04\/Taller-virtual-de-relaxacio-Cos-i-Ment.jpg\" class=\"w-full h-full object-cover rounded-lg animate-on-scroll wp-post-image\" alt=\"Taller virtual de relajaci\u00f3n Cuerpo y Mente\" srcset=\"https:\/\/fundaciocoravant.org\/wp-content\/uploads\/2026\/04\/Taller-virtual-de-relaxacio-Cos-i-Ment.jpg 1000w, https:\/\/fundaciocoravant.org\/wp-content\/uploads\/2026\/04\/Taller-virtual-de-relaxacio-Cos-i-Ment-300x84.jpg 300w, https:\/\/fundaciocoravant.org\/wp-content\/uploads\/2026\/04\/Taller-virtual-de-relaxacio-Cos-i-Ment-768x215.jpg 768w\" sizes=\"auto, (max-width: 1000px) 100vw, 1000px\" \/><\/div><div class=\"cat-content w-full\"><h4 class=\"cat-post-title text-xl font-black tracking-tight mb-2 mt-4\"><a href=\"https:\/\/fundaciocoravant.org\/es\/regalate-un-espacio-de-calma-con-el-taller-cuerpo-y-mente\/\" class=\"no-underline!\">Reg\u00e1late un espacio de calma con el taller Cuerpo y Mente<\/a><\/h4><div class=\"mt-4\"><a href=\"https:\/\/fundaciocoravant.org\/es\/regalate-un-espacio-de-calma-con-el-taller-cuerpo-y-mente\/\" class=\"bg-primary text-white py-2 px-4 no-underline! rounded-lg font-bold\">Llegir m\u00e9s<\/a><\/div><\/div><\/div><div class=\"cat-post-list\"><div class=\"cat-post-images w-full h-[219px]\"><img loading=\"lazy\" decoding=\"async\" width=\"1000\" height=\"280\" src=\"https:\/\/fundaciocoravant.org\/wp-content\/uploads\/2026\/04\/Disseny-sense-titol-1.jpg\" class=\"w-full h-full object-cover rounded-lg animate-on-scroll wp-post-image\" alt=\"Sale a la luz la Revista 31\" srcset=\"https:\/\/fundaciocoravant.org\/wp-content\/uploads\/2026\/04\/Disseny-sense-titol-1.jpg 1000w, https:\/\/fundaciocoravant.org\/wp-content\/uploads\/2026\/04\/Disseny-sense-titol-1-300x84.jpg 300w, https:\/\/fundaciocoravant.org\/wp-content\/uploads\/2026\/04\/Disseny-sense-titol-1-768x215.jpg 768w\" sizes=\"auto, (max-width: 1000px) 100vw, 1000px\" \/><\/div><div class=\"cat-content w-full\"><h4 class=\"cat-post-title text-xl font-black tracking-tight mb-2 mt-4\"><a href=\"https:\/\/fundaciocoravant.org\/es\/hoy-es-sant-jordi-y-tenemos-un-regalo-para-ti\/\" class=\"no-underline!\">Hoy es Sant Jordi&#8230; y tenemos un regalo para ti: \u00a1sale a la luz la Revista 31!<\/a><\/h4><div class=\"mt-4\"><a href=\"https:\/\/fundaciocoravant.org\/es\/hoy-es-sant-jordi-y-tenemos-un-regalo-para-ti\/\" class=\"bg-primary text-white py-2 px-4 no-underline! rounded-lg font-bold\">Llegir m\u00e9s<\/a><\/div><\/div><\/div><div class=\"cat-post-list\"><div class=\"cat-post-images w-full h-[219px]\"><img loading=\"lazy\" decoding=\"async\" width=\"1000\" height=\"280\" src=\"https:\/\/fundaciocoravant.org\/wp-content\/uploads\/2026\/04\/imatge-entrega-fulleto-malalties-cardiovasculars.jpg\" class=\"w-full h-full object-cover rounded-lg animate-on-scroll wp-post-image\" alt=\"imatge entrega fulleto malalties cardiovasculars\" srcset=\"https:\/\/fundaciocoravant.org\/wp-content\/uploads\/2026\/04\/imatge-entrega-fulleto-malalties-cardiovasculars.jpg 1000w, https:\/\/fundaciocoravant.org\/wp-content\/uploads\/2026\/04\/imatge-entrega-fulleto-malalties-cardiovasculars-300x84.jpg 300w, https:\/\/fundaciocoravant.org\/wp-content\/uploads\/2026\/04\/imatge-entrega-fulleto-malalties-cardiovasculars-768x215.jpg 768w\" sizes=\"auto, (max-width: 1000px) 100vw, 1000px\" \/><\/div><div class=\"cat-content w-full\"><h4 class=\"cat-post-title text-xl font-black tracking-tight mb-2 mt-4\"><a href=\"https:\/\/fundaciocoravant.org\/es\/nos-ayudas-con-un-voto\/\" class=\"no-underline!\">\u00bfNos ayudas con un voto?<\/a><\/h4><div class=\"mt-4\"><a href=\"https:\/\/fundaciocoravant.org\/es\/nos-ayudas-con-un-voto\/\" class=\"bg-primary text-white py-2 px-4 no-underline! rounded-lg font-bold\">Llegir m\u00e9s<\/a><\/div><\/div><\/div><\/div>\n<\/div>\n\n\n\n<div class=\"wp-block-group md:px-20 md:py-16 py-8 px-4 is-layout-constrained wp-block-group-is-layout-constrained\">\n<h2 class=\"wp-block-heading border-b max-w-full\">Agenda Fundaci\u00f3n cardiopat\u00edas<\/h2>\n\n\n\n<div id=\"calendario-ajax-container\" class=\"relative mt-8 min-h-[400px] transition-opacity duration-300\">    \n    <div class=\"calendar-wrapper bg-[#f5f5f5] text-[#222222] font-sans p-4 md:p-8 rounded-lg\">\n        \n        <div class=\"flex items-center gap-4 mb-8\">\n            <button type=\"button\" class=\"btn-nav-ev text-2xl hover:text-gray-500 transition-colors\" data-m=\"3\" data-y=\"2026\">\u2190<\/button>\n            <h3 class=\"text-2xl md:text-3xl font-medium uppercase tracking-wide\">abril 2026<\/h3>\n            <button type=\"button\" class=\"btn-nav-ev text-2xl hover:text-gray-500 transition-colors\" data-m=\"5\" data-y=\"2026\">\u2192<\/button>\n        <\/div>\n        \n        <div class=\"hidden lg:grid lg:grid-cols-7 mb-2\">\n                            <div class=\"text-[10px] uppercase tracking-wider text-gray-500 pb-2 px-2\">Dl<\/div>\n                            <div class=\"text-[10px] uppercase tracking-wider text-gray-500 pb-2 px-2\">Dt<\/div>\n                            <div class=\"text-[10px] uppercase tracking-wider text-gray-500 pb-2 px-2\">Dc<\/div>\n                            <div class=\"text-[10px] uppercase tracking-wider text-gray-500 pb-2 px-2\">Dj<\/div>\n                            <div class=\"text-[10px] uppercase tracking-wider text-gray-500 pb-2 px-2\">Dv<\/div>\n                            <div class=\"text-[10px] uppercase tracking-wider text-gray-500 pb-2 px-2\">Ds<\/div>\n                            <div class=\"text-[10px] uppercase tracking-wider text-gray-500 pb-2 px-2\">Dg<\/div>\n                    <\/div>\n        \n        <div class=\"grid grid-cols-1 lg:grid-cols-7 border-t border-l border-[#dcdad4]\">\n            \n            <div class=\"hidden lg:block border-b border-r border-[#dcdad4] bg-[#f5f5f5] min-h-[70px]\"><\/div><div class=\"hidden lg:block border-b border-r border-[#dcdad4] bg-[#f5f5f5] min-h-[70px]\"><\/div><div class=\"day-cell flex flex-row lg:flex-col border-b border-r border-[#dcdad4] bg-[#f5f5f5] text-[#222222] p-3 lg:min-h-[70px] relative transition-colors hover:bg-white\"><div class=\"w-16 lg:w-auto flex-shrink-0 lg:mb-2\"><span class=\"lg:hidden text-[10px] text-gray-500 uppercase block mb-1\">Dc<\/span><span class=\"text-3xl lg:text-4xl font-normal leading-none\">1<\/span><\/div><div class=\"flex-1 flex flex-col gap-3 lg:gap-0 mt-1 lg:mt-0\"><\/div><\/div><div class=\"day-cell flex flex-row lg:flex-col border-b border-r border-[#dcdad4] bg-[#f5f5f5] text-[#222222] p-3 lg:min-h-[70px] relative transition-colors hover:bg-white\"><div class=\"w-16 lg:w-auto flex-shrink-0 lg:mb-2\"><span class=\"lg:hidden text-[10px] text-gray-500 uppercase block mb-1\">Dj<\/span><span class=\"text-3xl lg:text-4xl font-normal leading-none\">2<\/span><\/div><div class=\"flex-1 flex flex-col gap-3 lg:gap-0 mt-1 lg:mt-0\"><\/div><\/div><div class=\"day-cell flex flex-row lg:flex-col border-b border-r border-[#dcdad4] bg-[#f5f5f5] text-[#222222] p-3 lg:min-h-[70px] relative transition-colors hover:bg-white\"><div class=\"w-16 lg:w-auto flex-shrink-0 lg:mb-2\"><span class=\"lg:hidden text-[10px] text-gray-500 uppercase block mb-1\">Dv<\/span><span class=\"text-3xl lg:text-4xl font-normal leading-none\">3<\/span><\/div><div class=\"flex-1 flex flex-col gap-3 lg:gap-0 mt-1 lg:mt-0\"><\/div><\/div><div class=\"day-cell flex flex-row lg:flex-col border-b border-r border-[#dcdad4] bg-[#f5f5f5] text-[#222222] p-3 lg:min-h-[70px] relative transition-colors hover:bg-white\"><div class=\"w-16 lg:w-auto flex-shrink-0 lg:mb-2\"><span class=\"lg:hidden text-[10px] text-gray-500 uppercase block mb-1\">Ds<\/span><span class=\"text-3xl lg:text-4xl font-normal leading-none\">4<\/span><\/div><div class=\"flex-1 flex flex-col gap-3 lg:gap-0 mt-1 lg:mt-0\"><\/div><\/div><div class=\"day-cell flex flex-row lg:flex-col border-b border-r border-[#dcdad4] bg-[#f5f5f5] text-[#222222] p-3 lg:min-h-[70px] relative transition-colors hover:bg-white\"><div class=\"w-16 lg:w-auto flex-shrink-0 lg:mb-2\"><span class=\"lg:hidden text-[10px] text-gray-500 uppercase block mb-1\">Dg<\/span><span class=\"text-3xl lg:text-4xl font-normal leading-none\">5<\/span><\/div><div class=\"flex-1 flex flex-col gap-3 lg:gap-0 mt-1 lg:mt-0\"><\/div><\/div><div class=\"day-cell flex flex-row lg:flex-col border-b border-r border-[#dcdad4] bg-[#f5f5f5] text-[#222222] p-3 lg:min-h-[70px] relative transition-colors hover:bg-white\"><div class=\"w-16 lg:w-auto flex-shrink-0 lg:mb-2\"><span class=\"lg:hidden text-[10px] text-gray-500 uppercase block mb-1\">Dl<\/span><span class=\"text-3xl lg:text-4xl font-normal leading-none\">6<\/span><\/div><div class=\"flex-1 flex flex-col gap-3 lg:gap-0 mt-1 lg:mt-0\"><\/div><\/div><div class=\"day-cell flex flex-row lg:flex-col border-b border-r border-[#dcdad4] bg-[#f5f5f5] text-[#222222] p-3 lg:min-h-[70px] relative transition-colors hover:bg-white\"><div class=\"w-16 lg:w-auto flex-shrink-0 lg:mb-2\"><span class=\"lg:hidden text-[10px] text-gray-500 uppercase block mb-1\">Dt<\/span><span class=\"text-3xl lg:text-4xl font-normal leading-none\">7<\/span><\/div><div class=\"flex-1 flex flex-col gap-3 lg:gap-0 mt-1 lg:mt-0\"><\/div><\/div><div class=\"day-cell flex flex-row lg:flex-col border-b border-r border-[#dcdad4] bg-[#f5f5f5] text-[#222222] p-3 lg:min-h-[70px] relative transition-colors hover:bg-white\"><div class=\"w-16 lg:w-auto flex-shrink-0 lg:mb-2\"><span class=\"lg:hidden text-[10px] text-gray-500 uppercase block mb-1\">Dc<\/span><span class=\"text-3xl lg:text-4xl font-normal leading-none\">8<\/span><\/div><div class=\"flex-1 flex flex-col gap-3 lg:gap-0 mt-1 lg:mt-0\"><\/div><\/div><div class=\"day-cell flex flex-row lg:flex-col border-b border-r border-[#dcdad4] bg-[#f5f5f5] text-[#222222] p-3 lg:min-h-[70px] relative transition-colors hover:bg-white\"><div class=\"w-16 lg:w-auto flex-shrink-0 lg:mb-2\"><span class=\"lg:hidden text-[10px] text-gray-500 uppercase block mb-1\">Dj<\/span><span class=\"text-3xl lg:text-4xl font-normal leading-none\">9<\/span><\/div><div class=\"flex-1 flex flex-col gap-3 lg:gap-0 mt-1 lg:mt-0\"><\/div><\/div><div class=\"day-cell flex flex-row lg:flex-col border-b border-r border-[#dcdad4] bg-[#f5f5f5] text-[#222222] p-3 lg:min-h-[70px] relative transition-colors hover:bg-white\"><div class=\"w-16 lg:w-auto flex-shrink-0 lg:mb-2\"><span class=\"lg:hidden text-[10px] text-gray-500 uppercase block mb-1\">Dv<\/span><span class=\"text-3xl lg:text-4xl font-normal leading-none\">10<\/span><\/div><div class=\"flex-1 flex flex-col gap-3 lg:gap-0 mt-1 lg:mt-0\"><\/div><\/div><div class=\"day-cell flex flex-row lg:flex-col border-b border-r border-[#dcdad4] bg-[#f5f5f5] text-[#222222] p-3 lg:min-h-[70px] relative transition-colors hover:bg-white\"><div class=\"w-16 lg:w-auto flex-shrink-0 lg:mb-2\"><span class=\"lg:hidden text-[10px] text-gray-500 uppercase block mb-1\">Ds<\/span><span class=\"text-3xl lg:text-4xl font-normal leading-none\">11<\/span><\/div><div class=\"flex-1 flex flex-col gap-3 lg:gap-0 mt-1 lg:mt-0\"><\/div><\/div><div class=\"day-cell flex flex-row lg:flex-col border-b border-r border-[#dcdad4] bg-[#f5f5f5] text-[#222222] p-3 lg:min-h-[70px] relative transition-colors hover:bg-white\"><div class=\"w-16 lg:w-auto flex-shrink-0 lg:mb-2\"><span class=\"lg:hidden text-[10px] text-gray-500 uppercase block mb-1\">Dg<\/span><span class=\"text-3xl lg:text-4xl font-normal leading-none\">12<\/span><\/div><div class=\"flex-1 flex flex-col gap-3 lg:gap-0 mt-1 lg:mt-0\"><\/div><\/div><div class=\"day-cell flex flex-row lg:flex-col border-b border-r border-[#dcdad4] bg-[#003A67] text-white p-3 lg:min-h-[70px] relative transition-colors hover:bg-[#002b4d]\"><div class=\"w-16 lg:w-auto flex-shrink-0 lg:mb-2\"><span class=\"lg:hidden text-[10px] text-[#A3C4D9] uppercase block mb-1\">Dl<\/span><span class=\"text-3xl lg:text-4xl font-normal leading-none\">13<\/span><\/div><div class=\"flex-1 flex flex-col gap-3 lg:gap-0 mt-1 lg:mt-0\"><a href=\"https:\/\/fundaciocoravant.org\/es\/agenda\/taller-virtual-de-relajacion-cuerpo-y-mente-13-abril-2026\/\" class=\"group relative block lg:border-t border-white\/20 lg:pt-2 lg:mt-1\"><p class=\"text-[10px] lg:text-xs uppercase tracking-wide font-medium leading-tight\">Taller virtual de relajaci\u00f3n Cuerpo y Mente 2025-2026<\/p><img decoding=\"async\" src=\"https:\/\/fundaciocoravant.org\/wp-content\/uploads\/2025\/11\/Taller-virtual-de-relaxacio-Cos-i-Ment-768x215.jpg\" class=\"lg:hidden mt-2 w-full h-24 object-cover rounded-sm\"><div class=\"hidden lg:block absolute z-20 left-1\/2 -translate-x-1\/2 top-full mt-2 w-64 bg-[#f5f5f5] text-[#222222] border border-[#dcdad4] p-4 shadow-2xl opacity-0 invisible group-hover:opacity-100 group-hover:visible transition-all duration-300\"><p class=\"text-[10px] uppercase text-gray-500 mb-1\">13.04 \u25f7 4:00 pm<\/p><h4 class=\"text-sm font-bold uppercase mb-3\">Taller virtual de relajaci\u00f3n Cuerpo y Mente 2025-2026<\/h4><img decoding=\"async\" src=\"https:\/\/fundaciocoravant.org\/wp-content\/uploads\/2025\/11\/Taller-virtual-de-relaxacio-Cos-i-Ment-768x215.jpg\" class=\"w-full aspect-video object-cover mix-blend-multiply\"><\/div><\/a><\/div><\/div><div class=\"day-cell flex flex-row lg:flex-col border-b border-r border-[#dcdad4] bg-[#f5f5f5] text-[#222222] p-3 lg:min-h-[70px] relative transition-colors hover:bg-white\"><div class=\"w-16 lg:w-auto flex-shrink-0 lg:mb-2\"><span class=\"lg:hidden text-[10px] text-gray-500 uppercase block mb-1\">Dt<\/span><span class=\"text-3xl lg:text-4xl font-normal leading-none\">14<\/span><\/div><div class=\"flex-1 flex flex-col gap-3 lg:gap-0 mt-1 lg:mt-0\"><\/div><\/div><div class=\"day-cell flex flex-row lg:flex-col border-b border-r border-[#dcdad4] bg-[#f5f5f5] text-[#222222] p-3 lg:min-h-[70px] relative transition-colors hover:bg-white\"><div class=\"w-16 lg:w-auto flex-shrink-0 lg:mb-2\"><span class=\"lg:hidden text-[10px] text-gray-500 uppercase block mb-1\">Dc<\/span><span class=\"text-3xl lg:text-4xl font-normal leading-none\">15<\/span><\/div><div class=\"flex-1 flex flex-col gap-3 lg:gap-0 mt-1 lg:mt-0\"><\/div><\/div><div class=\"day-cell flex flex-row lg:flex-col border-b border-r border-[#dcdad4] bg-[#f5f5f5] text-[#222222] p-3 lg:min-h-[70px] relative transition-colors hover:bg-white\"><div class=\"w-16 lg:w-auto flex-shrink-0 lg:mb-2\"><span class=\"lg:hidden text-[10px] text-gray-500 uppercase block mb-1\">Dj<\/span><span class=\"text-3xl lg:text-4xl font-normal leading-none\">16<\/span><\/div><div class=\"flex-1 flex flex-col gap-3 lg:gap-0 mt-1 lg:mt-0\"><\/div><\/div><div class=\"day-cell flex flex-row lg:flex-col border-b border-r border-[#dcdad4] bg-[#003A67] text-white p-3 lg:min-h-[70px] relative transition-colors hover:bg-[#002b4d]\"><div class=\"w-16 lg:w-auto flex-shrink-0 lg:mb-2\"><span class=\"lg:hidden text-[10px] text-[#A3C4D9] uppercase block mb-1\">Dv<\/span><span class=\"text-3xl lg:text-4xl font-normal leading-none\">17<\/span><\/div><div class=\"flex-1 flex flex-col gap-3 lg:gap-0 mt-1 lg:mt-0\"><a href=\"https:\/\/fundaciocoravant.org\/es\/agenda\/exposicion-descordat-en-la-biblioteca-de-la-rapita\/\" class=\"group relative block lg:border-t border-white\/20 lg:pt-2 lg:mt-1\"><p class=\"text-[10px] lg:text-xs uppercase tracking-wide font-medium leading-tight\">Inauguraci\u00f3n de la exposici\u00f3n DesCORda\u2019t en la biblioteca de La R\u00e0pita<\/p><img decoding=\"async\" src=\"https:\/\/fundaciocoravant.org\/wp-content\/uploads\/2026\/02\/imatges-exposicio-desCORdat-768x215.jpg\" class=\"lg:hidden mt-2 w-full h-24 object-cover rounded-sm\"><div class=\"hidden lg:block absolute z-20 left-1\/2 -translate-x-1\/2 top-full mt-2 w-64 bg-[#f5f5f5] text-[#222222] border border-[#dcdad4] p-4 shadow-2xl opacity-0 invisible group-hover:opacity-100 group-hover:visible transition-all duration-300\"><p class=\"text-[10px] uppercase text-gray-500 mb-1\">17.04 \u25f7 6:00 pm<\/p><h4 class=\"text-sm font-bold uppercase mb-3\">Inauguraci\u00f3n de la exposici\u00f3n DesCORda\u2019t en la biblioteca de La R\u00e0pita<\/h4><img decoding=\"async\" src=\"https:\/\/fundaciocoravant.org\/wp-content\/uploads\/2026\/02\/imatges-exposicio-desCORdat-768x215.jpg\" class=\"w-full aspect-video object-cover mix-blend-multiply\"><\/div><\/a><\/div><\/div><div class=\"day-cell flex flex-row lg:flex-col border-b border-r border-[#dcdad4] bg-[#f5f5f5] text-[#222222] p-3 lg:min-h-[70px] relative transition-colors hover:bg-white\"><div class=\"w-16 lg:w-auto flex-shrink-0 lg:mb-2\"><span class=\"lg:hidden text-[10px] text-gray-500 uppercase block mb-1\">Ds<\/span><span class=\"text-3xl lg:text-4xl font-normal leading-none\">18<\/span><\/div><div class=\"flex-1 flex flex-col gap-3 lg:gap-0 mt-1 lg:mt-0\"><\/div><\/div><div class=\"day-cell flex flex-row lg:flex-col border-b border-r border-[#dcdad4] bg-[#f5f5f5] text-[#222222] p-3 lg:min-h-[70px] relative transition-colors hover:bg-white\"><div class=\"w-16 lg:w-auto flex-shrink-0 lg:mb-2\"><span class=\"lg:hidden text-[10px] text-gray-500 uppercase block mb-1\">Dg<\/span><span class=\"text-3xl lg:text-4xl font-normal leading-none\">19<\/span><\/div><div class=\"flex-1 flex flex-col gap-3 lg:gap-0 mt-1 lg:mt-0\"><\/div><\/div><div class=\"day-cell flex flex-row lg:flex-col border-b border-r border-[#dcdad4] bg-[#003A67] text-white p-3 lg:min-h-[70px] relative transition-colors hover:bg-[#002b4d]\"><div class=\"w-16 lg:w-auto flex-shrink-0 lg:mb-2\"><span class=\"lg:hidden text-[10px] text-[#A3C4D9] uppercase block mb-1\">Dl<\/span><span class=\"text-3xl lg:text-4xl font-normal leading-none\">20<\/span><\/div><div class=\"flex-1 flex flex-col gap-3 lg:gap-0 mt-1 lg:mt-0\"><a href=\"https:\/\/fundaciocoravant.org\/es\/agenda\/taller-virtual-de-relajacion-cuerpo-y-mente-20-abril-2026\/\" class=\"group relative block lg:border-t border-white\/20 lg:pt-2 lg:mt-1\"><p class=\"text-[10px] lg:text-xs uppercase tracking-wide font-medium leading-tight\">Taller virtual de relajaci\u00f3n Cuerpo y Mente 2025-2026<\/p><img decoding=\"async\" src=\"https:\/\/fundaciocoravant.org\/wp-content\/uploads\/2025\/11\/Taller-virtual-de-relaxacio-Cos-i-Ment-768x215.jpg\" class=\"lg:hidden mt-2 w-full h-24 object-cover rounded-sm\"><div class=\"hidden lg:block absolute z-20 left-1\/2 -translate-x-1\/2 top-full mt-2 w-64 bg-[#f5f5f5] text-[#222222] border border-[#dcdad4] p-4 shadow-2xl opacity-0 invisible group-hover:opacity-100 group-hover:visible transition-all duration-300\"><p class=\"text-[10px] uppercase text-gray-500 mb-1\">20.04 \u25f7 4:00 pm<\/p><h4 class=\"text-sm font-bold uppercase mb-3\">Taller virtual de relajaci\u00f3n Cuerpo y Mente 2025-2026<\/h4><img decoding=\"async\" src=\"https:\/\/fundaciocoravant.org\/wp-content\/uploads\/2025\/11\/Taller-virtual-de-relaxacio-Cos-i-Ment-768x215.jpg\" class=\"w-full aspect-video object-cover mix-blend-multiply\"><\/div><\/a><\/div><\/div><div class=\"day-cell flex flex-row lg:flex-col border-b border-r border-[#dcdad4] bg-[#f5f5f5] text-[#222222] p-3 lg:min-h-[70px] relative transition-colors hover:bg-white\"><div class=\"w-16 lg:w-auto flex-shrink-0 lg:mb-2\"><span class=\"lg:hidden text-[10px] text-gray-500 uppercase block mb-1\">Dt<\/span><span class=\"text-3xl lg:text-4xl font-normal leading-none\">21<\/span><\/div><div class=\"flex-1 flex flex-col gap-3 lg:gap-0 mt-1 lg:mt-0\"><\/div><\/div><div class=\"day-cell flex flex-row lg:flex-col border-b border-r border-[#dcdad4] bg-[#f5f5f5] text-[#222222] p-3 lg:min-h-[70px] relative transition-colors hover:bg-white\"><div class=\"w-16 lg:w-auto flex-shrink-0 lg:mb-2\"><span class=\"lg:hidden text-[10px] text-gray-500 uppercase block mb-1\">Dc<\/span><span class=\"text-3xl lg:text-4xl font-normal leading-none\">22<\/span><\/div><div class=\"flex-1 flex flex-col gap-3 lg:gap-0 mt-1 lg:mt-0\"><\/div><\/div><div class=\"day-cell flex flex-row lg:flex-col border-b border-r border-[#dcdad4] bg-[#f5f5f5] text-[#222222] p-3 lg:min-h-[70px] relative transition-colors hover:bg-white\"><div class=\"w-16 lg:w-auto flex-shrink-0 lg:mb-2\"><span class=\"lg:hidden text-[10px] text-gray-500 uppercase block mb-1\">Dj<\/span><span class=\"text-3xl lg:text-4xl font-normal leading-none\">23<\/span><\/div><div class=\"flex-1 flex flex-col gap-3 lg:gap-0 mt-1 lg:mt-0\"><\/div><\/div><div class=\"day-cell flex flex-row lg:flex-col border-b border-r border-[#dcdad4] bg-[#f5f5f5] text-[#222222] p-3 lg:min-h-[70px] relative transition-colors hover:bg-white\"><div class=\"w-16 lg:w-auto flex-shrink-0 lg:mb-2\"><span class=\"lg:hidden text-[10px] text-gray-500 uppercase block mb-1\">Dv<\/span><span class=\"text-3xl lg:text-4xl font-normal leading-none\">24<\/span><\/div><div class=\"flex-1 flex flex-col gap-3 lg:gap-0 mt-1 lg:mt-0\"><\/div><\/div><div class=\"day-cell flex flex-row lg:flex-col border-b border-r border-[#dcdad4] bg-[#f5f5f5] text-[#222222] p-3 lg:min-h-[70px] relative transition-colors hover:bg-white\"><div class=\"w-16 lg:w-auto flex-shrink-0 lg:mb-2\"><span class=\"lg:hidden text-[10px] text-gray-500 uppercase block mb-1\">Ds<\/span><span class=\"text-3xl lg:text-4xl font-normal leading-none\">25<\/span><\/div><div class=\"flex-1 flex flex-col gap-3 lg:gap-0 mt-1 lg:mt-0\"><\/div><\/div><div class=\"day-cell flex flex-row lg:flex-col border-b border-r border-[#dcdad4] bg-[#f5f5f5] text-[#222222] p-3 lg:min-h-[70px] relative transition-colors hover:bg-white\"><div class=\"w-16 lg:w-auto flex-shrink-0 lg:mb-2\"><span class=\"lg:hidden text-[10px] text-gray-500 uppercase block mb-1\">Dg<\/span><span class=\"text-3xl lg:text-4xl font-normal leading-none\">26<\/span><\/div><div class=\"flex-1 flex flex-col gap-3 lg:gap-0 mt-1 lg:mt-0\"><\/div><\/div><div class=\"day-cell flex flex-row lg:flex-col border-b border-r border-[#dcdad4] bg-[#003A67] text-white p-3 lg:min-h-[70px] relative transition-colors hover:bg-[#002b4d]\"><div class=\"w-16 lg:w-auto flex-shrink-0 lg:mb-2\"><span class=\"lg:hidden text-[10px] text-[#A3C4D9] uppercase block mb-1\">Dl<\/span><span class=\"text-3xl lg:text-4xl font-normal leading-none\">27<\/span><\/div><div class=\"flex-1 flex flex-col gap-3 lg:gap-0 mt-1 lg:mt-0\"><a href=\"https:\/\/fundaciocoravant.org\/es\/agenda\/taller-virtual-de-relajacion-cuerpo-y-mente-27-abril-2026\/\" class=\"group relative block lg:border-t border-white\/20 lg:pt-2 lg:mt-1\"><p class=\"text-[10px] lg:text-xs uppercase tracking-wide font-medium leading-tight\">Taller virtual de relajaci\u00f3n Cuerpo y Mente 2025-2026<\/p><img decoding=\"async\" src=\"https:\/\/fundaciocoravant.org\/wp-content\/uploads\/2025\/11\/Taller-virtual-de-relaxacio-Cos-i-Ment-768x215.jpg\" class=\"lg:hidden mt-2 w-full h-24 object-cover rounded-sm\"><div class=\"hidden lg:block absolute z-20 left-1\/2 -translate-x-1\/2 top-full mt-2 w-64 bg-[#f5f5f5] text-[#222222] border border-[#dcdad4] p-4 shadow-2xl opacity-0 invisible group-hover:opacity-100 group-hover:visible transition-all duration-300\"><p class=\"text-[10px] uppercase text-gray-500 mb-1\">27.04 \u25f7 4:00 pm<\/p><h4 class=\"text-sm font-bold uppercase mb-3\">Taller virtual de relajaci\u00f3n Cuerpo y Mente 2025-2026<\/h4><img decoding=\"async\" src=\"https:\/\/fundaciocoravant.org\/wp-content\/uploads\/2025\/11\/Taller-virtual-de-relaxacio-Cos-i-Ment-768x215.jpg\" class=\"w-full aspect-video object-cover mix-blend-multiply\"><\/div><\/a><\/div><\/div><div class=\"day-cell flex flex-row lg:flex-col border-b border-r border-[#dcdad4] bg-[#f5f5f5] text-[#222222] p-3 lg:min-h-[70px] relative transition-colors hover:bg-white\"><div class=\"w-16 lg:w-auto flex-shrink-0 lg:mb-2\"><span class=\"lg:hidden text-[10px] text-gray-500 uppercase block mb-1\">Dt<\/span><span class=\"text-3xl lg:text-4xl font-normal leading-none\">28<\/span><\/div><div class=\"flex-1 flex flex-col gap-3 lg:gap-0 mt-1 lg:mt-0\"><\/div><\/div><div class=\"day-cell flex flex-row lg:flex-col border-b border-r border-[#dcdad4] bg-[#003A67] text-white p-3 lg:min-h-[70px] relative transition-colors hover:bg-[#002b4d]\"><div class=\"w-16 lg:w-auto flex-shrink-0 lg:mb-2\"><span class=\"lg:hidden text-[10px] text-[#A3C4D9] uppercase block mb-1\">Dc<\/span><span class=\"text-3xl lg:text-4xl font-normal leading-none\">29<\/span><\/div><div class=\"flex-1 flex flex-col gap-3 lg:gap-0 mt-1 lg:mt-0\"><a href=\"https:\/\/fundaciocoravant.org\/es\/agenda\/espacio-virtual-para-mayores-de-25-anos\/\" class=\"group relative block lg:border-t border-white\/20 lg:pt-2 lg:mt-1\"><p class=\"text-[10px] lg:text-xs uppercase tracking-wide font-medium leading-tight\">Espacio virtual para mayores de 25 a\u00f1os<\/p><img decoding=\"async\" src=\"https:\/\/fundaciocoravant.org\/wp-content\/uploads\/2025\/11\/espai-virtual-per-a-mes-grans-de-25-anys-768x215.jpg\" class=\"lg:hidden mt-2 w-full h-24 object-cover rounded-sm\"><div class=\"hidden lg:block absolute z-20 left-1\/2 -translate-x-1\/2 top-full mt-2 w-64 bg-[#f5f5f5] text-[#222222] border border-[#dcdad4] p-4 shadow-2xl opacity-0 invisible group-hover:opacity-100 group-hover:visible transition-all duration-300\"><p class=\"text-[10px] uppercase text-gray-500 mb-1\">29.04 \u25f7 6:30 pm<\/p><h4 class=\"text-sm font-bold uppercase mb-3\">Espacio virtual para mayores de 25 a\u00f1os<\/h4><img decoding=\"async\" src=\"https:\/\/fundaciocoravant.org\/wp-content\/uploads\/2025\/11\/espai-virtual-per-a-mes-grans-de-25-anys-768x215.jpg\" class=\"w-full aspect-video object-cover mix-blend-multiply\"><\/div><\/a><\/div><\/div><div class=\"day-cell flex flex-row lg:flex-col border-b border-r border-[#dcdad4] bg-[#f5f5f5] text-[#222222] p-3 lg:min-h-[70px] relative transition-colors hover:bg-white\"><div class=\"w-16 lg:w-auto flex-shrink-0 lg:mb-2\"><span class=\"lg:hidden text-[10px] text-gray-500 uppercase block mb-1\">Dj<\/span><span class=\"text-3xl lg:text-4xl font-normal leading-none\">30<\/span><\/div><div class=\"flex-1 flex flex-col gap-3 lg:gap-0 mt-1 lg:mt-0\"><\/div><\/div><div class=\"hidden lg:block border-b border-r border-[#dcdad4] bg-[#f5f5f5] min-h-[70px]\"><\/div><div class=\"hidden lg:block border-b border-r border-[#dcdad4] bg-[#f5f5f5] min-h-[70px]\"><\/div><div class=\"hidden lg:block border-b border-r border-[#dcdad4] bg-[#f5f5f5] min-h-[70px]\"><\/div>        <\/div>\n    <\/div>\n    <\/div>\n    <script>\n    jQuery(document).on('click', '.btn-nav-ev', function(e){\n        e.preventDefault();\n        var btn = jQuery(this);\n        var container = jQuery('#calendario-ajax-container');\n        container.css('opacity', '0.4'); \n        \n        jQuery.ajax({\n            url: 'https:\/\/fundaciocoravant.org\/wp-admin\/admin-ajax.php',\n            type: 'POST',\n            data: {\n                action: 'filtrar_calendario',\n                mes: btn.data('m'),\n                anio: btn.data('y')\n            },\n            success: function(res) {\n                container.html(res).css('opacity', '1');\n            }\n        });\n    });\n    <\/script> \n\n\n<p>No hi ha esdeveniments programats a l\u2019agenda per mostrar a la home.<\/p>\n<\/div>\n\n\n\n<div class=\"wp-block-group bg-primary text-white md:py-8 is-layout-constrained wp-block-group-is-layout-constrained\">\n<div class=\"wp-block-group max-w-4xl mx-auto px-4 md:px-0 is-layout-constrained wp-block-group-is-layout-constrained\">\n<h2 class=\"wp-block-heading has-text-align-center underline\"><a href=\"https:\/\/fundaciocoravant.org\/es\/colabora\/\" data-type=\"page\" data-id=\"24\">Hazte socio &#8211; Colabora<\/a><\/h2>\n<\/div>\n<\/div>\n\n\n\n<div class=\"wp-block-group md:px-20 md:py-16 py-8 px-4 is-layout-constrained wp-block-group-is-layout-constrained\">\n<h2 class=\"wp-block-heading border-b max-w-full\">Historias como la tuya<\/h2>\n\n\n<div class=\"cat-post flex flex-col md:grid md:grid-cols-3 gap-12 mt-8 max-w-none\"><div class=\"cat-post-list\"><div class=\"cat-post-images w-full h-[219px]\"><img loading=\"lazy\" decoding=\"async\" width=\"1000\" height=\"280\" src=\"https:\/\/fundaciocoravant.org\/wp-content\/uploads\/2025\/12\/Minerva.jpg\" class=\"w-full h-full object-cover rounded-lg animate-on-scroll wp-post-image\" alt=\"Minerva\" srcset=\"https:\/\/fundaciocoravant.org\/wp-content\/uploads\/2025\/12\/Minerva.jpg 1000w, https:\/\/fundaciocoravant.org\/wp-content\/uploads\/2025\/12\/Minerva-300x84.jpg 300w, https:\/\/fundaciocoravant.org\/wp-content\/uploads\/2025\/12\/Minerva-768x215.jpg 768w\" sizes=\"auto, (max-width: 1000px) 100vw, 1000px\" \/><\/div><div class=\"cat-content w-full\"><h4 class=\"cat-post-title text-xl font-black tracking-tight mb-2 mt-4\"><a href=\"https:\/\/fundaciocoravant.org\/es\/histories\/minerva\/\" class=\"no-underline!\">Minerva<\/a><\/h4><span class=\"cat-post-excerpt\">Estaba asustada. Un infarto no es cosa ligera. Primero no me lo pod\u00eda creer. No estaba haciendo nada para que esto pasara. Sigo una dieta m\u00e1s o menos equilibrada y ya hac\u00eda a\u00f1os que hab\u00eda dejado de fumar. No entend\u00eda por qu\u00e9 me hab\u00eda pasado a m\u00ed.      <\/span><div class=\"mt-4\"><a href=\"https:\/\/fundaciocoravant.org\/es\/histories\/minerva\/\" class=\"bg-primary text-white py-2 px-4 no-underline! rounded-lg font-bold\">Llegir m\u00e9s<\/a><\/div><\/div><\/div><div class=\"cat-post-list\"><div class=\"cat-post-images w-full h-[219px]\"><img loading=\"lazy\" decoding=\"async\" width=\"1000\" height=\"280\" src=\"https:\/\/fundaciocoravant.org\/wp-content\/uploads\/2025\/11\/Clara-1.jpg\" class=\"w-full h-full object-cover rounded-lg animate-on-scroll wp-post-image\" alt=\"Clara\" srcset=\"https:\/\/fundaciocoravant.org\/wp-content\/uploads\/2025\/11\/Clara-1.jpg 1000w, https:\/\/fundaciocoravant.org\/wp-content\/uploads\/2025\/11\/Clara-1-300x84.jpg 300w, https:\/\/fundaciocoravant.org\/wp-content\/uploads\/2025\/11\/Clara-1-768x215.jpg 768w\" sizes=\"auto, (max-width: 1000px) 100vw, 1000px\" \/><\/div><div class=\"cat-content w-full\"><h4 class=\"cat-post-title text-xl font-black tracking-tight mb-2 mt-4\"><a href=\"https:\/\/fundaciocoravant.org\/es\/histories\/clara\/\" class=\"no-underline!\">Clara<\/a><\/h4><span class=\"cat-post-excerpt\">Cuando te diagnostican un problema de magnitud, cuando eres adulta, ya eres m\u00e1s consciente de las cosas y te pasan por la cabeza un mont\u00f3n de preguntas.<\/span><div class=\"mt-4\"><a href=\"https:\/\/fundaciocoravant.org\/es\/histories\/clara\/\" class=\"bg-primary text-white py-2 px-4 no-underline! rounded-lg font-bold\">Llegir m\u00e9s<\/a><\/div><\/div><\/div><div class=\"cat-post-list\"><div class=\"cat-post-images w-full h-[219px]\"><img loading=\"lazy\" decoding=\"async\" width=\"1000\" height=\"280\" src=\"https:\/\/fundaciocoravant.org\/wp-content\/uploads\/2025\/11\/Carles-1.jpg\" class=\"w-full h-full object-cover rounded-lg animate-on-scroll wp-post-image\" alt=\"Carles\" srcset=\"https:\/\/fundaciocoravant.org\/wp-content\/uploads\/2025\/11\/Carles-1.jpg 1000w, https:\/\/fundaciocoravant.org\/wp-content\/uploads\/2025\/11\/Carles-1-300x84.jpg 300w, https:\/\/fundaciocoravant.org\/wp-content\/uploads\/2025\/11\/Carles-1-768x215.jpg 768w\" sizes=\"auto, (max-width: 1000px) 100vw, 1000px\" \/><\/div><div class=\"cat-content w-full\"><h4 class=\"cat-post-title text-xl font-black tracking-tight mb-2 mt-4\"><a href=\"https:\/\/fundaciocoravant.org\/es\/histories\/carles\/\" class=\"no-underline!\">Carles<\/a><\/h4><span class=\"cat-post-excerpt\">La verdad es que yo era esc\u00e9ptico a todo este tema. No ten\u00eda claro qu\u00e9 me pod\u00eda aportar hablar de temas diversos con desconocidos. Una cosa era la psic\u00f3loga y la otra hablar de temas diversos con gente que no conoc\u00eda.  <\/span><div class=\"mt-4\"><a href=\"https:\/\/fundaciocoravant.org\/es\/histories\/carles\/\" class=\"bg-primary text-white py-2 px-4 no-underline! rounded-lg font-bold\">Llegir m\u00e9s<\/a><\/div><\/div><\/div><\/div>\n<\/div>\n\n\n\n<div class=\"wp-block-group md:px-20 py-8  px-4 is-layout-constrained wp-block-group-is-layout-constrained\">\n<div class=\"wp-block-buttons btns-contact max-w-none is-layout-flex wp-block-buttons-is-layout-flex\">\n<div class=\"wp-block-button\"><a class=\"wp-block-button__link wp-element-button\" href=\"https:\/\/fundaciocoravant.org\/es\/te-gustaria-estar-al-dia-de-todo-lo-que-hacemos-en-la-fundacion-coravant\/\">Subscr\u00edbete a nuestro bolet\u00edn<\/a><\/div>\n\n\n\n<div class=\"wp-block-button\"><a class=\"wp-block-button__link wp-element-button\" href=\"https:\/\/fundaciocoravant.org\/es\/la-revista\/\">Lee nuestra Revista<\/a><\/div>\n\n\n\n<div class=\"wp-block-button\"><a class=\"wp-block-button__link wp-element-button\" href=\"https:\/\/fundaciocoravant.org\/es\/contacta\/\">Contacta con nosotras<\/a><\/div>\n<\/div>\n<\/div>\n\n\n\n<p><\/p>\n","protected":false},"excerpt":{"rendered":"<p>La cardiopat\u00eda es una enfermedad que no se ve, pero que se vive. Te acompa\u00f1amos a convivir con ella. Las enfermedades cardiovasculares nos pueden afectar a todas y a todos y pueden aparecer en cualquier momento, incluso cuando menos las esperamos. En Catalu\u00f1a, 2 de cada 10 personas de menos de 45 a\u00f1os y m\u00e1s<a href=\"https:\/\/fundaciocoravant.org\/es\/histories\/carles\/\">Continue reading <span class=\"sr-only\">\u00abCarles\u00bb<\/span><\/a><\/p>\n","protected":false},"author":1,"featured_media":0,"parent":0,"menu_order":0,"comment_status":"closed","ping_status":"closed","template":"templates\/without-title.php","meta":{"_acf_changed":false,"give_campaign_id":0,"footnotes":""},"class_list":["post-178","page","type-page","status-publish","hentry"],"acf":[],"yoast_head":"<!-- This site is optimized with the Yoast SEO plugin v27.2 - https:\/\/yoast.com\/product\/yoast-seo-wordpress\/ -->\n<title>Fundaci\u00f3n cardiopat\u00edas | Apoyo a pacientes | Fundaci\u00f3n CorAvant<\/title>\n<meta name=\"description\" content=\"Fundaci\u00f3n de cardiopat\u00edas dedicada a la salud cardiovascular y el acompa\u00f1amiento de personas con enfermedad cardiovascular y sus familias.\" \/>\n<meta name=\"robots\" content=\"index, follow, max-snippet:-1, max-image-preview:large, max-video-preview:-1\" \/>\n<link rel=\"canonical\" href=\"https:\/\/fundaciocoravant.org\/es\/\" \/>\n<meta property=\"og:locale\" content=\"es_ES\" \/>\n<meta property=\"og:type\" content=\"article\" \/>\n<meta property=\"og:title\" content=\"Fundaci\u00f3n cardiopat\u00edas | Apoyo a pacientes | Fundaci\u00f3n CorAvant\" \/>\n<meta property=\"og:description\" content=\"Fundaci\u00f3n de cardiopat\u00edas dedicada a la salud cardiovascular y el acompa\u00f1amiento de personas con enfermedad cardiovascular y sus familias.\" \/>\n<meta property=\"og:url\" content=\"https:\/\/fundaciocoravant.org\/es\/\" \/>\n<meta property=\"og:site_name\" content=\"CorAvant\" \/>\n<meta property=\"article:publisher\" content=\"https:\/\/www.facebook.com\/coravantaacic\" \/>\n<meta property=\"article:modified_time\" content=\"2026-04-27T11:04:33+00:00\" \/>\n<meta property=\"og:image\" content=\"https:\/\/fundaciocoravant.org\/wp-content\/uploads\/2025\/11\/descordat-coravant2.jpeg\" \/>\n\t<meta property=\"og:image:width\" content=\"875\" \/>\n\t<meta property=\"og:image:height\" content=\"413\" \/>\n\t<meta property=\"og:image:type\" content=\"image\/jpeg\" \/>\n<meta name=\"twitter:card\" content=\"summary_large_image\" \/>\n<meta name=\"twitter:site\" content=\"@coravant\" \/>\n<meta name=\"twitter:label1\" content=\"Tiempo de lectura\" \/>\n\t<meta name=\"twitter:data1\" content=\"2 minutos\" \/>\n<script type=\"application\/ld+json\" class=\"yoast-schema-graph\">{\"@context\":\"https:\/\/schema.org\",\"@graph\":[{\"@type\":\"WebPage\",\"@id\":\"https:\/\/fundaciocoravant.org\/es\/\",\"url\":\"https:\/\/fundaciocoravant.org\/es\/\",\"name\":\"Fundaci\u00f3n cardiopat\u00edas | Apoyo a pacientes | Fundaci\u00f3n CorAvant\",\"isPartOf\":{\"@id\":\"https:\/\/fundaciocoravant.org\/#website\"},\"primaryImageOfPage\":{\"@id\":\"https:\/\/fundaciocoravant.org\/es\/#primaryimage\"},\"image\":{\"@id\":\"https:\/\/fundaciocoravant.org\/es\/#primaryimage\"},\"thumbnailUrl\":\"https:\/\/fundaciocoravant.org\/wp-content\/uploads\/2025\/11\/descordat-coravant2.jpeg\",\"datePublished\":\"2025-11-27T10:39:19+00:00\",\"dateModified\":\"2026-04-27T11:04:33+00:00\",\"description\":\"Fundaci\u00f3n de cardiopat\u00edas dedicada a la salud cardiovascular y el acompa\u00f1amiento de personas con enfermedad cardiovascular y sus familias.\",\"breadcrumb\":{\"@id\":\"https:\/\/fundaciocoravant.org\/es\/#breadcrumb\"},\"inLanguage\":\"es\",\"potentialAction\":[{\"@type\":\"ReadAction\",\"target\":[\"https:\/\/fundaciocoravant.org\/es\/\"]}]},{\"@type\":\"ImageObject\",\"inLanguage\":\"es\",\"@id\":\"https:\/\/fundaciocoravant.org\/es\/#primaryimage\",\"url\":\"https:\/\/fundaciocoravant.org\/wp-content\/uploads\/2025\/11\/descordat-coravant2.jpeg\",\"contentUrl\":\"https:\/\/fundaciocoravant.org\/wp-content\/uploads\/2025\/11\/descordat-coravant2.jpeg\"},{\"@type\":\"BreadcrumbList\",\"@id\":\"https:\/\/fundaciocoravant.org\/es\/#breadcrumb\",\"itemListElement\":[{\"@type\":\"ListItem\",\"position\":1,\"name\":\"Home\",\"item\":\"https:\/\/fundaciocoravant.org\/es\/\"},{\"@type\":\"ListItem\",\"position\":2,\"name\":\"inicio\"}]},{\"@type\":\"WebSite\",\"@id\":\"https:\/\/fundaciocoravant.org\/#website\",\"url\":\"https:\/\/fundaciocoravant.org\/\",\"name\":\"CorAvant\",\"description\":\"Fundaci\u00f3 de joves i adults amb cardiopatia\",\"publisher\":{\"@id\":\"https:\/\/fundaciocoravant.org\/#organization\"},\"potentialAction\":[{\"@type\":\"SearchAction\",\"target\":{\"@type\":\"EntryPoint\",\"urlTemplate\":\"https:\/\/fundaciocoravant.org\/?s={search_term_string}\"},\"query-input\":{\"@type\":\"PropertyValueSpecification\",\"valueRequired\":true,\"valueName\":\"search_term_string\"}}],\"inLanguage\":\"es\"},{\"@type\":\"Organization\",\"@id\":\"https:\/\/fundaciocoravant.org\/#organization\",\"name\":\"CorAvant\",\"url\":\"https:\/\/fundaciocoravant.org\/\",\"logo\":{\"@type\":\"ImageObject\",\"inLanguage\":\"es\",\"@id\":\"https:\/\/fundaciocoravant.org\/#\/schema\/logo\/image\/\",\"url\":\"https:\/\/fundaciocoravant.org\/wp-content\/uploads\/2025\/11\/cropped-cropped-LOGO_CORAVANT-15-anys_CASTELLANO.png\",\"contentUrl\":\"https:\/\/fundaciocoravant.org\/wp-content\/uploads\/2025\/11\/cropped-cropped-LOGO_CORAVANT-15-anys_CASTELLANO.png\",\"width\":1404,\"height\":979,\"caption\":\"CorAvant\"},\"image\":{\"@id\":\"https:\/\/fundaciocoravant.org\/#\/schema\/logo\/image\/\"},\"sameAs\":[\"https:\/\/www.facebook.com\/coravantaacic\",\"https:\/\/x.com\/coravant\",\"https:\/\/www.instagram.com\/coravantaacic\/\",\"https:\/\/www.youtube.com\/@CorAvantAACIC_cardiopaties\",\"https:\/\/www.linkedin.com\/company\/fundacio-coravant\/\"]}]}<\/script>\n<!-- \/ Yoast SEO plugin. -->","yoast_head_json":{"title":"Fundaci\u00f3n cardiopat\u00edas | Apoyo a pacientes | Fundaci\u00f3n CorAvant","description":"Fundaci\u00f3n de cardiopat\u00edas dedicada a la salud cardiovascular y el acompa\u00f1amiento de personas con enfermedad cardiovascular y sus familias.","robots":{"index":"index","follow":"follow","max-snippet":"max-snippet:-1","max-image-preview":"max-image-preview:large","max-video-preview":"max-video-preview:-1"},"canonical":"https:\/\/fundaciocoravant.org\/es\/","og_locale":"es_ES","og_type":"article","og_title":"Fundaci\u00f3n cardiopat\u00edas | Apoyo a pacientes | Fundaci\u00f3n CorAvant","og_description":"Fundaci\u00f3n de cardiopat\u00edas dedicada a la salud cardiovascular y el acompa\u00f1amiento de personas con enfermedad cardiovascular y sus familias.","og_url":"https:\/\/fundaciocoravant.org\/es\/","og_site_name":"CorAvant","article_publisher":"https:\/\/www.facebook.com\/coravantaacic","article_modified_time":"2026-04-27T11:04:33+00:00","og_image":[{"width":875,"height":413,"url":"https:\/\/fundaciocoravant.org\/wp-content\/uploads\/2025\/11\/descordat-coravant2.jpeg","type":"image\/jpeg"}],"twitter_card":"summary_large_image","twitter_site":"@coravant","twitter_misc":{"Tiempo de lectura":"2 minutos"},"schema":{"@context":"https:\/\/schema.org","@graph":[{"@type":"WebPage","@id":"https:\/\/fundaciocoravant.org\/es\/","url":"https:\/\/fundaciocoravant.org\/es\/","name":"Fundaci\u00f3n cardiopat\u00edas | Apoyo a pacientes | Fundaci\u00f3n CorAvant","isPartOf":{"@id":"https:\/\/fundaciocoravant.org\/#website"},"primaryImageOfPage":{"@id":"https:\/\/fundaciocoravant.org\/es\/#primaryimage"},"image":{"@id":"https:\/\/fundaciocoravant.org\/es\/#primaryimage"},"thumbnailUrl":"https:\/\/fundaciocoravant.org\/wp-content\/uploads\/2025\/11\/descordat-coravant2.jpeg","datePublished":"2025-11-27T10:39:19+00:00","dateModified":"2026-04-27T11:04:33+00:00","description":"Fundaci\u00f3n de cardiopat\u00edas dedicada a la salud cardiovascular y el acompa\u00f1amiento de personas con enfermedad cardiovascular y sus familias.","breadcrumb":{"@id":"https:\/\/fundaciocoravant.org\/es\/#breadcrumb"},"inLanguage":"es","potentialAction":[{"@type":"ReadAction","target":["https:\/\/fundaciocoravant.org\/es\/"]}]},{"@type":"ImageObject","inLanguage":"es","@id":"https:\/\/fundaciocoravant.org\/es\/#primaryimage","url":"https:\/\/fundaciocoravant.org\/wp-content\/uploads\/2025\/11\/descordat-coravant2.jpeg","contentUrl":"https:\/\/fundaciocoravant.org\/wp-content\/uploads\/2025\/11\/descordat-coravant2.jpeg"},{"@type":"BreadcrumbList","@id":"https:\/\/fundaciocoravant.org\/es\/#breadcrumb","itemListElement":[{"@type":"ListItem","position":1,"name":"Home","item":"https:\/\/fundaciocoravant.org\/es\/"},{"@type":"ListItem","position":2,"name":"inicio"}]},{"@type":"WebSite","@id":"https:\/\/fundaciocoravant.org\/#website","url":"https:\/\/fundaciocoravant.org\/","name":"CorAvant","description":"Fundaci\u00f3 de joves i adults amb cardiopatia","publisher":{"@id":"https:\/\/fundaciocoravant.org\/#organization"},"potentialAction":[{"@type":"SearchAction","target":{"@type":"EntryPoint","urlTemplate":"https:\/\/fundaciocoravant.org\/?s={search_term_string}"},"query-input":{"@type":"PropertyValueSpecification","valueRequired":true,"valueName":"search_term_string"}}],"inLanguage":"es"},{"@type":"Organization","@id":"https:\/\/fundaciocoravant.org\/#organization","name":"CorAvant","url":"https:\/\/fundaciocoravant.org\/","logo":{"@type":"ImageObject","inLanguage":"es","@id":"https:\/\/fundaciocoravant.org\/#\/schema\/logo\/image\/","url":"https:\/\/fundaciocoravant.org\/wp-content\/uploads\/2025\/11\/cropped-cropped-LOGO_CORAVANT-15-anys_CASTELLANO.png","contentUrl":"https:\/\/fundaciocoravant.org\/wp-content\/uploads\/2025\/11\/cropped-cropped-LOGO_CORAVANT-15-anys_CASTELLANO.png","width":1404,"height":979,"caption":"CorAvant"},"image":{"@id":"https:\/\/fundaciocoravant.org\/#\/schema\/logo\/image\/"},"sameAs":["https:\/\/www.facebook.com\/coravantaacic","https:\/\/x.com\/coravant","https:\/\/www.instagram.com\/coravantaacic\/","https:\/\/www.youtube.com\/@CorAvantAACIC_cardiopaties","https:\/\/www.linkedin.com\/company\/fundacio-coravant\/"]}]}},"campaignId":"","_links":{"self":[{"href":"https:\/\/fundaciocoravant.org\/es\/wp-json\/wp\/v2\/pages\/178","targetHints":{"allow":["GET"]}}],"collection":[{"href":"https:\/\/fundaciocoravant.org\/es\/wp-json\/wp\/v2\/pages"}],"about":[{"href":"https:\/\/fundaciocoravant.org\/es\/wp-json\/wp\/v2\/types\/page"}],"author":[{"embeddable":true,"href":"https:\/\/fundaciocoravant.org\/es\/wp-json\/wp\/v2\/users\/1"}],"replies":[{"embeddable":true,"href":"https:\/\/fundaciocoravant.org\/es\/wp-json\/wp\/v2\/comments?post=178"}],"version-history":[{"count":26,"href":"https:\/\/fundaciocoravant.org\/es\/wp-json\/wp\/v2\/pages\/178\/revisions"}],"predecessor-version":[{"id":2029,"href":"https:\/\/fundaciocoravant.org\/es\/wp-json\/wp\/v2\/pages\/178\/revisions\/2029"}],"wp:attachment":[{"href":"https:\/\/fundaciocoravant.org\/es\/wp-json\/wp\/v2\/media?parent=178"}],"curies":[{"name":"wp","href":"https:\/\/api.w.org\/{rel}","templated":true}]}}