{"id":229,"date":"2025-11-26T11:51:08","date_gmt":"2025-11-26T11:51:08","guid":{"rendered":"https:\/\/fundaciocoravant.org\/politica-de-privacidad\/"},"modified":"2025-12-15T10:24:05","modified_gmt":"2025-12-15T10:24:05","slug":"politica-de-privacidad","status":"publish","type":"page","link":"https:\/\/fundaciocoravant.org\/es\/politica-de-privacidad\/","title":{"rendered":"Pol\u00edtica de privacidad"},"content":{"rendered":"\n<p><strong>Previa. Alcance de la pol\u00edtica de privacidad y tratamiento de datos personales <\/strong><\/p>\n\n<p>La pol\u00edtica sobre tratamiento de datos personales ser\u00e1 aplicable a los usuarios de la web de la Fundaci\u00f3n CorAvant, as\u00ed como a todas aquellas personas f\u00edsicas que faciliten sus datos personales a trav\u00e9s de las v\u00edas habilitadas e indicadas para ello.<\/p>\n\n<p><strong>1. Identidad y direcci\u00f3n del Responsable del Tratamiento<\/strong><\/p>\n\n<p>El titular y responsable del tratamiento a efectos de las Leyes de Protecci\u00f3n de Datos aplicables y, en concreto, del Reglamento 2016\/679 Europeo de Protecci\u00f3n de Datos Personales (RGPD), es la Fundaci\u00f3n CorAvant, con CIF G-64925571, con domicilio en la calle Mart\u00ed i Alsina, 22, local, 08031, Barcelona y correo electr\u00f3nico <a href=\"mailto:coravant@fundaciocoravant.org\">coravant@fundaciocoravant.org<\/a><\/p>\n\n<p><strong>2. Datos de contacto del DPO de la Fundaci\u00f3n CorAvant<\/strong><\/p>\n\n<p>En caso de que desee ponerse en contacto con nuestro DPO para formular cualquier reclamaci\u00f3n, consulta o duda en materia de protecci\u00f3n de datos, puedes enviar un correo electr\u00f3nico a: <a href=\"mailto:dpo@aacic.org\">dpo@aacic.org<\/a><\/p>\n\n<p><strong>3. Protecci\u00f3n de datos de car\u00e1cter personal de conformidad con la normativa aplicable<\/strong><\/p>\n\n<p>La Fundaci\u00f3n CorAvant, como responsable del sitio web y de conformidad con lo dispuesto por el RGPD, de la normativa aplicable en materia de protecci\u00f3n de datos personales, y por la Ley 34\/2002, de 11 de julio, de Servicios de la Sociedad de la Informaci\u00f3n y de Comercio Electr\u00f3nico (LSSI-CE) ha puesto en pr\u00e1ctica aqu\u00e9llas pol\u00edticas, medios y procedimientos t\u00e9cnicos y organizativos para garantizar y proteger la confidencialidad, integridad y disponibilidad de sus datos de car\u00e1cter personal.<\/p>\n\n<p><strong>4. Tratamiento de los datos y su confidencialidad<\/strong><\/p>\n\n<p>La Fundaci\u00f3n CorAvant informar\u00e1 siempre sobre qu\u00e9 datos son de obligatoria cumplimentaci\u00f3n y necesarios para el cumplimiento de las finalidades que m\u00e1s adelante se detallan.<\/p>\n\n<p>Todos aquellos que intervengan en cualquier fase del tratamiento y\/o las entidades a quienes les hayan sido comunicadas -en su caso y en virtud de la correspondiente autorizaci\u00f3n- est\u00e1n obligadas a observar el secreto profesional y adoptar\u00e1n los niveles de protecci\u00f3n y las medidas t\u00e9cnicas y organizativas necesarias a su alcance que garanticen la seguridad de los datos de car\u00e1cter personal, evitando, en la medida de lo posible, accesos no autorizados, modificaciones il\u00edcitas, sustracciones y\/o la p\u00e9rdida de los datos y a fin de procurar el correspondiente nivel de seguridad de los tratamientos llevados a cabo por la Fundaci\u00f3n CorAvant seg\u00fan la naturaleza y sensibilidad de los datos facilitados a trav\u00e9s del sitio web.<\/p>\n\n<p>No obstante, se le advierte e informa que las medidas t\u00e9cnicas no son infalibles ni inexpugnables, motivo por el cual la Fundaci\u00f3n CorAvant no podr\u00e1 tenerse por responsable de tales pr\u00e1cticas ni de sus consecuencias, en especial, de la presencia de virus u otros elementos o bien de los da\u00f1os y perjuicios que puedan derivarse de la presencia de virus, a la conexi\u00f3n o a la descarga de contenidos desde el sitio web que causen alteraciones en los sistemas inform\u00e1ticos (hardware y software).<\/p>\n\n<p><strong>5. Datos personales<\/strong><\/p>\n\n<p>Hacen referencia a cualquier informaci\u00f3n o datos que pueda identificarle (por ejemplo, su nombre o apellidos) o indirectamente (por ejemplo, su Documento Nacional de Identidad). Los Datos Personales incluyen informaci\u00f3n tal como el correo electr\u00f3nico, direcciones postales particulares, n\u00famero de tel\u00e9fono m\u00f3vil, contenido generado por el usuario, entre otros. Tambi\u00e9n podr\u00eda incluir identificadores num\u00e9ricos \u00fanicos como la direcci\u00f3n IP de su ordenador o la direcci\u00f3n MAC de su dispositivo m\u00f3vil, as\u00ed como tambi\u00e9n la informaci\u00f3n que obtenemos a trav\u00e9s de cookies.  <\/p>\n\n<p><strong>6. Recogida de datos personales y finalidades del tratamiento<\/strong><\/p>\n\n<p>Podemos recabar o recibir sus datos a trav\u00e9s de nuestro sitio web mediante el correspondiente formulario de contacto por ejemplo. Para ello, en algunos casos el usuario facilita directamente sus datos (cuando por ejemplo se pone en contacto con nosotros) y, en otros casos, los recabamos nosotros (cuando por ejemplo usamos cookies para comprender c\u00f3mo usa nuestro sitio web). <\/p>\n\n<p>Encontrar\u00e1 informaci\u00f3n m\u00e1s detallada en la siguiente tabla:<\/p>\n\n<figure class=\"wp-block-table\"><table class=\"has-fixed-layout\"><tbody><tr><td class=\"has-text-align-left\" data-align=\"left\">Ep\u00edgrafe<\/td><td class=\"has-text-align-left\" data-align=\"left\">Informaci\u00f3n b\u00e1sica<\/td><td class=\"has-text-align-left\" data-align=\"left\">Informaci\u00f3n adicional<\/td><\/tr><tr><td class=\"has-text-align-left\" data-align=\"left\">Responsable del tratamiento<\/td><td class=\"has-text-align-left\" data-align=\"left\">La Fundaci\u00f3n CorAvant es el titular del sitio web <a href=\"http:\/\/www.fundaciocoravant.org\/es\">www.fundaciocoravant.org\/es<\/a><\/td><td class=\"has-text-align-left\" data-align=\"left\">CIF G-64925571, con domicilio en la calle Mart\u00ed i Alsina, 22, local, 08031, Barcelona, 08031, Barcelona, y correo electr\u00f3nico <a href=\"mailto:coravant@fundaciocoravant.org\">coravant@fundaciocoravant.org<\/a><\/td><\/tr><tr><td class=\"has-text-align-left\" data-align=\"left\">Finalidad del tratamiento y conservaci\u00f3n de los datos<\/td><td class=\"has-text-align-left\" data-align=\"left\">Contactar con la Fundaci\u00f3n CorAvant para realizar cualquier consulta sobre los servicios que prestamos.<br\/><br\/>Prestaci\u00f3n a trav\u00e9s del sitio <a href=\"http:\/\/www.fundaciocoravant.org\/\">www.fundaciocoravant.org<\/a> de servicios de informaci\u00f3n a los efectos de atender a los consultas realizadas.<br\/><br\/>Hacer llegar comunicaciones comerciales, atender solicitudes de inscripci\u00f3n a eventos, candidaturas de empleo, notas informativas del sector de actividad de la Fundaci\u00f3n CorAvant.<br\/><br\/>Tratamiento de categor\u00edas especiales de datos.<br\/><br\/>Proveedores con acceso a datos.<\/td><td class=\"has-text-align-left\" data-align=\"left\">El titular de los datos consiente expresamente a que el responsable del tratamiento realice las siguientes actividades y\/o acciones:<br\/><br\/>Contacto: los datos se solicitan para poder contactar con el usuario que ha mostrado inter\u00e9s por nosotros, para informarle de eventos, as\u00ed como poder enviarle informaci\u00f3n, noticias por cualquier medio de las acciones sociales propias de la Fundaci\u00f3n, as\u00ed como para gestionar incidencias, dudas o quejas de las que pueda tener conocimiento.<br\/><br\/>Voluntariado: los datos personales se solicitan para poder gestionar las acciones de voluntariado de la propia Fundaci\u00f3n, o de terceras fundaciones o asociaciones colaboradoras, o bien por otros medios.<br\/><br\/>Valorar la candidatura de los usuarios mediante la recepci\u00f3n de su curr\u00edculo vitae a trav\u00e9s de nuestro correo electr\u00f3nico de contacto <a href=\"mailto:coravant@fundaciocoravant.org\">coravant@fundaciocoravant.org<\/a><br\/><br\/>El env\u00edo de comunicaciones por medios electr\u00f3nicos y la suscripci\u00f3n al bolet\u00edn informativo informando a las personas interesadas de las actividades, servicios, promociones, publicidad, noticias y dem\u00e1s informaci\u00f3n sobre los servicios de la Fundaci\u00f3n iguales o similares a los que fueron inicialmente objeto de contrataci\u00f3n o de inter\u00e9s por el usuario, de conformidad con la Ley 34\/2002, de 11 de julio, de Servicios de la Sociedad de la Informaci\u00f3n y de Comercio Electr\u00f3nico, a trav\u00e9s de nuestro proveedor de marketing online Mailchimp, el cual cumple con los principios de protecci\u00f3n suficientes que establece y exige el RGPD.<br\/><br\/>Categor\u00edas especiales de datos: la Fundaci\u00f3n CorAvant trata categor\u00edas especiales de datos para la ejecuci\u00f3n de los fines previstos en los \u00e1mbitos de actuaci\u00f3n de la Fundaci\u00f3n basados en el apoyo a las personas que viven con una cardiopat\u00eda cong\u00e9nita, as\u00ed como en las de su entorno m\u00e1s inmediato, y tambi\u00e9n para la promoci\u00f3n de campa\u00f1as de donaci\u00f3n de sangre.<br\/><br\/>Proveedores con acceso a datos: si es necesario, sus datos ser\u00e1n tratados por terceras empresas que nos ayudan a proporcionar servicios, como proveedores de plataformas y soporte en nuestras bases de datos, as\u00ed como en nuestro software y aplicaciones que puedan contener datos personales.<br\/><br\/>En tanto en cuando se mantenga la relaci\u00f3n con la Fundaci\u00f3n CorAvant, los datos personales ser\u00e1n conservados.<br\/><br\/>Finalizada la relaci\u00f3n, los datos se conservaran durante el periodo de tiempo que sea oportuno en atenci\u00f3n a cumplir con los plazos de prescripci\u00f3n de eventuales infracciones en materia de protecci\u00f3n de datos, as\u00ed como seg\u00fan los plazos de prescripci\u00f3n previstos en el resto de normativa que pueda resultar de aplicaci\u00f3n.<br\/><br\/>As\u00ed mismo, cuando el usuario lo desee podr\u00e1 dejar de recibir informaci\u00f3n y solicitar que sus datos sean eliminados. En los supuestos que \u00fanicamente contacte puntualmente con nuestra entidad, sus datos solo se conservaran el tiempo necesario para tramitar su solicitud tras la cual ser\u00e1n suprimidos. <\/td><\/tr><tr><td class=\"has-text-align-left\" data-align=\"left\">Base de legitimaci\u00f3n del tratamiento<\/td><td class=\"has-text-align-left\" data-align=\"left\">Consentimiento expreso.<br\/><br\/>Inter\u00e9s leg\u00edtimo.<br\/><br\/>Imperativo legal.<br\/><br\/>Ejecuci\u00f3n o cumplimiento de obligaciones contractuales.<\/td><td class=\"has-text-align-left\" data-align=\"left\">El consentimiento expreso se dar\u00e1 con la solicitud de informaci\u00f3n de los servicios de la Fundaci\u00f3n CorAvant y la suscripci\u00f3n al bolet\u00edn electr\u00f3nico.<br\/><br\/>El inter\u00e9s leg\u00edtimo servir\u00e1 de base para dar respuesta a las consultas y proporcionar la informaci\u00f3n requerida, as\u00ed como en su caso para el eventual env\u00edo de comunicaciones comerciales.<br\/><br\/>El imperativo legal se dar\u00e1 cuando el tratamiento sea necesario para el cumplimiento de una obligaci\u00f3n legal aplicable al responsable del tratamiento.<br\/><br\/>La ejecuci\u00f3n o cumplimiento de obligaciones contractuales se dar\u00e1 cuando el tratamiento sea necesario para la ejecuci\u00f3n de un contrato en el que el interesado sea parte o para la aplicaci\u00f3n a petici\u00f3n de este de medidas precontractuales.<\/td><\/tr><tr><td class=\"has-text-align-left\" data-align=\"left\">Destinatarios<\/td><td class=\"has-text-align-left\" data-align=\"left\">Los datos podr\u00e1n ser tratados por otras entidades encargadas del tratamiento para el buen fin de la prestaci\u00f3n de servicios de la Fundaci\u00f3n CorAvant.<br\/><br\/>La cesi\u00f3n a terceros de sus datos para otras finalidades requerir\u00e1 de su previo consentimiento.<\/td><td class=\"has-text-align-left\" data-align=\"left\">Los datos ser\u00e1n tratados por terceras empresas que nos ayudan a proporcionar servicios, como proveedores de plataformas y soporte en nuestras bases de datos, as\u00ed como en nuestro software y aplicaciones que puedan contener datos personales, sin necesidad de que otorgue su consentimiento, habida cuenta de que la Fundaci\u00f3n CorAvant ya se ocupa de formalizar una relaci\u00f3n contractual con los encargados del tratamiento con la intenci\u00f3n de guardar las m\u00e1s estricta confidencialidad en el tratamiento de sus datos personales. As\u00ed mismo, el tratamiento efectuado tambi\u00e9n ir\u00e1 dirigido a organizaciones sin \u00e1nimo de lucro dentro de sus actividades leg\u00edtimas y relativas a datos personales de sus miembros o contactos regulares. <\/td><\/tr><tr><td class=\"has-text-align-left\" data-align=\"left\">DPO<\/td><td class=\"has-text-align-left\" data-align=\"left\">En m\u00e9ritos de lo que dispone los art\u00edculos 37 RGPD y 35 LOPDGDD, la Fundaci\u00f3n CorAvant est\u00e1 obligada a la designaci\u00f3n de un delegado de Protecci\u00f3n de Datos.<\/td><td class=\"has-text-align-left\" data-align=\"left\">Datos de contacto del DPO: <a href=\"mailto:dpo@aacic.org\">dpo@aacic.org<\/a><\/td><\/tr><tr><td class=\"has-text-align-left\" data-align=\"left\">Derechos<\/td><td class=\"has-text-align-left\" data-align=\"left\">El usuario podr\u00e1 ejercer en cualquier momento sus derechos de acceso, rectificaci\u00f3n, supresi\u00f3n, oposici\u00f3n, limitaci\u00f3n al tratamiento y portabilidad de sus datos; as\u00ed como revocar el consentimiento para el tratamiento de sus datos.<\/td><td class=\"has-text-align-left\" data-align=\"left\">El usuario podr\u00e1 ejercer en cualquier momento sus derechos de acceso, rectificaci\u00f3n, supresi\u00f3n, oposici\u00f3n, limitaci\u00f3n al tratamiento y portabilidad de sus datos; as\u00ed como revocar el consentimiento para el tratamiento de sus datos a trav\u00e9s del correo electr\u00f3nico <a href=\"mailto:coravant@fundaciocoravant.org\">coravant@fundaciocoravant.org<\/a><br\/><br\/>En cumplimiento del art\u00edculo 80 del RGPD, el usuario tiene derecho a dar mandato a la autoridad de control espa\u00f1ola para que en su caso ejerza en su inter\u00e9s los derechos que le asisten en materia de protecci\u00f3n de datos.<\/td><\/tr><tr><td class=\"has-text-align-left\" data-align=\"left\">Procedencia de los datos<\/td><td class=\"has-text-align-left\" data-align=\"left\">Del usuario interesado o de terceros.<\/td><td class=\"has-text-align-left\" data-align=\"left\">Les dades que es tracten procedeixen de l\u2019usuari interessat i\/o de tercers autoritzats per la Fundaci\u00f3 CorAvant.<br\/><br\/>Les categories de les dades que tractem s\u00f3n:<br\/><br\/>\u2013 Dades identificatives i de contacte dels usuaris\/beneficiaris.<br\/><br\/>\u2013 Dades identificatives i de contacte dels donants voluntaris.<br\/><br\/>\u2013 Dades referents al curr\u00edculum personal de les candidatures: formaci\u00f3 acad\u00e8mica, experi\u00e8ncia laboral, perfil professional\u2026<br\/><br\/>\u2013 Dades relatives a la plantilla de la Fundaci\u00f3 CorAvant.<br\/><br\/>\u2013 Dades relatives als prove\u00efdors de la Fundaci\u00f3 CorAvant.<\/td><\/tr><\/tbody><\/table><\/figure>\n\n<p>Desde la Fundaci\u00f3n CorAvant nos comprometemos a proteger los datos personales y a tomar todas las precauciones razonables para hacerlo. Exigimos contractualmente que los terceros de confianza que manejan los datos personales hagan lo mismo. <\/p>\n\n<p>Siempre hacemos nuestro mejor esfuerzo para proteger los datos personales y una vez que hemos recibido la informaci\u00f3n personal, utilizamos procedimientos estrictos y funciones de seguridad para tratar de evitar el acceso no autorizado. Pero como que la transmisi\u00f3n de informaci\u00f3n a trav\u00e9s de Internet no es completamente segura, no podemos garantizar la seguridad de los datos transmitidos a nuestro sitio. Por ello, cualquier transmisi\u00f3n es bajo su propio riesgo.  <\/p>\n\n<p><strong>7. Transferencia en circunstancias especiales<\/strong><\/p>\n\n<p>Si existe una venta, una fusi\u00f3n, consolidaci\u00f3n, cambio en el control societario, transferencia de activos sustancial, reorganizaci\u00f3n, transformaci\u00f3n o liquidaci\u00f3n del sitio web <a href=\"http:\/\/fundaciocoravant.org\/\">www.fundaciocoravant.org<\/a> del cual es titular actualmente la Fundaci\u00f3n CorAvant, entonces, a nuestra discreci\u00f3n, podemos transferir, vender o asignar la informaci\u00f3n recabada en este sitio a una o m\u00e1s partes relevantes adquirentes, comunic\u00e1ndole para ello el cambio de responsable de sus datos.<\/p>\n\n<p><strong>8. Condiciones de uso del sitio web<\/strong><\/p>\n\n<p>El sitio web contiene material elaborado por la Fundaci\u00f3n CorAvant con fines meramente informativos. La informaci\u00f3n incluida en el sitio web no constituye en ning\u00fan caso un medio de asesoramiento profesional y su utilizaci\u00f3n es responsabilidad exclusiva del usuario. <\/p>\n\n<p>La Fundaci\u00f3n CorAvant no ser\u00e1 en ning\u00fan caso responsable de los errores u omisiones que pudieran existir en la informaci\u00f3n facilitada, ni de la aplicaci\u00f3n o uso concreto que pudiera hacerse de la misma.<\/p>\n\n<p>La Fundaci\u00f3n CorAvant se reserva el derecho de modificar, desarrollar y\/o actualizar el contenido de esta web, el aviso legal, as\u00ed como las condiciones de uso o la pol\u00edtica de privacidad que puedan resultar aplicables a la web sin necesidad de notificaci\u00f3n previa.<\/p>\n\n<p><strong>9. Propiedad intelectual<\/strong><\/p>\n\n<p>Todo el contenido de la p\u00e1gina web, incluidos los textos, marcas, signos distintivos, logos, im\u00e1genes, gr\u00e1ficos y dise\u00f1os, son propiedad de la Fundaci\u00f3n CorAvant y est\u00e1n protegidos por la legislaci\u00f3n vigente en materia de Propiedad Intelectual.<\/p>\n\n<p>En ning\u00fan caso el acceso al portal por parte del usuario le otorga derecho sobre dicho contenido, ni siquiera para su mera reproducci\u00f3n para uso personal.<\/p>\n\n<p><strong>10. Enlaces<\/strong><\/p>\n\n<p>Por \u00faltimo, aunque la Fundaci\u00f3n CorAvant facilita enlaces a p\u00e1ginas web de terceros, no se hace responsable de los contenidos que se encuentran en dichas p\u00e1ginas, en la medida en que son gestionadas por terceros ajenos a la Fundaci\u00f3n. Y tampoco se hace responsable de los datos personales ni del tratamiento que se realice a trav\u00e9s de las p\u00e1ginas web mencionadas. <\/p>\n\n<p><strong>11. Cambios en la pol\u00edtica de privacidad<\/strong><\/p>\n\n<p>La Fundaci\u00f3n CorAvant se reserva el derecho a modificar la pol\u00edtica de privacidad para adaptarla a novedades legislativas o jurisprudenciales, as\u00ed como a recomendaciones y directrices de la autoridad de control pertinente. En dichos supuestos, la Fundaci\u00f3n CorAvant le informar\u00e1 debidamente de las actualizaciones y cambios en su pol\u00edtica de privacidad. <\/p>\n","protected":false},"excerpt":{"rendered":"<p>Previa. Alcance de la pol\u00edtica de privacidad y tratamiento de datos personales La pol\u00edtica sobre tratamiento de datos personales ser\u00e1 aplicable a los usuarios de la web de la Fundaci\u00f3n CorAvant, as\u00ed como a todas aquellas personas f\u00edsicas que faciliten sus datos personales a trav\u00e9s de las v\u00edas habilitadas e indicadas para ello. 1. Identidad<a href=\"https:\/\/fundaciocoravant.org\/es\/politica-de-privacidad\/\">Continue reading <span class=\"sr-only\">\u00abPol\u00edtica de privacidad\u00bb<\/span><\/a><\/p>\n","protected":false},"author":1,"featured_media":0,"parent":0,"menu_order":0,"comment_status":"closed","ping_status":"open","template":"","meta":{"_acf_changed":false,"give_campaign_id":0,"footnotes":""},"class_list":["post-229","page","type-page","status-publish","hentry"],"acf":[],"yoast_head":"<!-- This site is optimized with the Yoast SEO plugin v27.2 - https:\/\/yoast.com\/product\/yoast-seo-wordpress\/ -->\n<title>Pol\u00edtica de privacidad - CorAvant<\/title>\n<meta name=\"robots\" content=\"index, follow, max-snippet:-1, max-image-preview:large, max-video-preview:-1\" \/>\n<link rel=\"canonical\" href=\"https:\/\/fundaciocoravant.org\/politica-privacitat\/\" \/>\n<meta property=\"og:locale\" content=\"es_ES\" \/>\n<meta property=\"og:type\" content=\"article\" \/>\n<meta property=\"og:title\" content=\"Pol\u00edtica de privacidad - CorAvant\" \/>\n<meta property=\"og:description\" content=\"Previa. Alcance de la pol\u00edtica de privacidad y tratamiento de datos personales La pol\u00edtica sobre tratamiento de datos personales ser\u00e1 aplicable a los usuarios de la web de la Fundaci\u00f3n CorAvant, as\u00ed como a todas aquellas personas f\u00edsicas que faciliten sus datos personales a trav\u00e9s de las v\u00edas habilitadas e indicadas para ello. 1. IdentidadContinue reading &quot;Pol\u00edtica de privacidad&quot;\" \/>\n<meta property=\"og:url\" content=\"https:\/\/fundaciocoravant.org\/politica-privacitat\/\" \/>\n<meta property=\"og:site_name\" content=\"CorAvant\" \/>\n<meta property=\"article:publisher\" content=\"https:\/\/www.facebook.com\/coravantaacic\" \/>\n<meta property=\"article:modified_time\" content=\"2025-12-15T10:24:05+00:00\" \/>\n<meta name=\"twitter:card\" content=\"summary_large_image\" \/>\n<meta name=\"twitter:site\" content=\"@coravant\" \/>\n<meta name=\"twitter:label1\" content=\"Tiempo de lectura\" \/>\n\t<meta name=\"twitter:data1\" content=\"12 minutos\" \/>\n<script type=\"application\/ld+json\" class=\"yoast-schema-graph\">{\"@context\":\"https:\/\/schema.org\",\"@graph\":[{\"@type\":\"WebPage\",\"@id\":\"https:\/\/fundaciocoravant.org\/politica-privacitat\/\",\"url\":\"https:\/\/fundaciocoravant.org\/politica-privacitat\/\",\"name\":\"Pol\u00edtica de privacidad - CorAvant\",\"isPartOf\":{\"@id\":\"https:\/\/fundaciocoravant.org\/#website\"},\"datePublished\":\"2025-11-26T11:51:08+00:00\",\"dateModified\":\"2025-12-15T10:24:05+00:00\",\"breadcrumb\":{\"@id\":\"https:\/\/fundaciocoravant.org\/politica-privacitat\/#breadcrumb\"},\"inLanguage\":\"es\",\"potentialAction\":[{\"@type\":\"ReadAction\",\"target\":[\"https:\/\/fundaciocoravant.org\/politica-privacitat\/\"]}]},{\"@type\":\"BreadcrumbList\",\"@id\":\"https:\/\/fundaciocoravant.org\/politica-privacitat\/#breadcrumb\",\"itemListElement\":[{\"@type\":\"ListItem\",\"position\":1,\"name\":\"Home\",\"item\":\"https:\/\/fundaciocoravant.org\/es\/\"},{\"@type\":\"ListItem\",\"position\":2,\"name\":\"Pol\u00edtica de privacidad\"}]},{\"@type\":\"WebSite\",\"@id\":\"https:\/\/fundaciocoravant.org\/#website\",\"url\":\"https:\/\/fundaciocoravant.org\/\",\"name\":\"CorAvant\",\"description\":\"Fundaci\u00f3 de joves i adults amb cardiopatia\",\"publisher\":{\"@id\":\"https:\/\/fundaciocoravant.org\/#organization\"},\"potentialAction\":[{\"@type\":\"SearchAction\",\"target\":{\"@type\":\"EntryPoint\",\"urlTemplate\":\"https:\/\/fundaciocoravant.org\/?s={search_term_string}\"},\"query-input\":{\"@type\":\"PropertyValueSpecification\",\"valueRequired\":true,\"valueName\":\"search_term_string\"}}],\"inLanguage\":\"es\"},{\"@type\":\"Organization\",\"@id\":\"https:\/\/fundaciocoravant.org\/#organization\",\"name\":\"CorAvant\",\"url\":\"https:\/\/fundaciocoravant.org\/\",\"logo\":{\"@type\":\"ImageObject\",\"inLanguage\":\"es\",\"@id\":\"https:\/\/fundaciocoravant.org\/#\/schema\/logo\/image\/\",\"url\":\"https:\/\/fundaciocoravant.org\/wp-content\/uploads\/2025\/11\/cropped-cropped-LOGO_CORAVANT-15-anys_CASTELLANO.png\",\"contentUrl\":\"https:\/\/fundaciocoravant.org\/wp-content\/uploads\/2025\/11\/cropped-cropped-LOGO_CORAVANT-15-anys_CASTELLANO.png\",\"width\":1404,\"height\":979,\"caption\":\"CorAvant\"},\"image\":{\"@id\":\"https:\/\/fundaciocoravant.org\/#\/schema\/logo\/image\/\"},\"sameAs\":[\"https:\/\/www.facebook.com\/coravantaacic\",\"https:\/\/x.com\/coravant\",\"https:\/\/www.instagram.com\/coravantaacic\/\",\"https:\/\/www.youtube.com\/@CorAvantAACIC_cardiopaties\",\"https:\/\/www.linkedin.com\/company\/fundacio-coravant\/\"]}]}<\/script>\n<!-- \/ Yoast SEO plugin. -->","yoast_head_json":{"title":"Pol\u00edtica de privacidad - CorAvant","robots":{"index":"index","follow":"follow","max-snippet":"max-snippet:-1","max-image-preview":"max-image-preview:large","max-video-preview":"max-video-preview:-1"},"canonical":"https:\/\/fundaciocoravant.org\/politica-privacitat\/","og_locale":"es_ES","og_type":"article","og_title":"Pol\u00edtica de privacidad - CorAvant","og_description":"Previa. Alcance de la pol\u00edtica de privacidad y tratamiento de datos personales La pol\u00edtica sobre tratamiento de datos personales ser\u00e1 aplicable a los usuarios de la web de la Fundaci\u00f3n CorAvant, as\u00ed como a todas aquellas personas f\u00edsicas que faciliten sus datos personales a trav\u00e9s de las v\u00edas habilitadas e indicadas para ello. 1. IdentidadContinue reading \"Pol\u00edtica de privacidad\"","og_url":"https:\/\/fundaciocoravant.org\/politica-privacitat\/","og_site_name":"CorAvant","article_publisher":"https:\/\/www.facebook.com\/coravantaacic","article_modified_time":"2025-12-15T10:24:05+00:00","twitter_card":"summary_large_image","twitter_site":"@coravant","twitter_misc":{"Tiempo de lectura":"12 minutos"},"schema":{"@context":"https:\/\/schema.org","@graph":[{"@type":"WebPage","@id":"https:\/\/fundaciocoravant.org\/politica-privacitat\/","url":"https:\/\/fundaciocoravant.org\/politica-privacitat\/","name":"Pol\u00edtica de privacidad - CorAvant","isPartOf":{"@id":"https:\/\/fundaciocoravant.org\/#website"},"datePublished":"2025-11-26T11:51:08+00:00","dateModified":"2025-12-15T10:24:05+00:00","breadcrumb":{"@id":"https:\/\/fundaciocoravant.org\/politica-privacitat\/#breadcrumb"},"inLanguage":"es","potentialAction":[{"@type":"ReadAction","target":["https:\/\/fundaciocoravant.org\/politica-privacitat\/"]}]},{"@type":"BreadcrumbList","@id":"https:\/\/fundaciocoravant.org\/politica-privacitat\/#breadcrumb","itemListElement":[{"@type":"ListItem","position":1,"name":"Home","item":"https:\/\/fundaciocoravant.org\/es\/"},{"@type":"ListItem","position":2,"name":"Pol\u00edtica de privacidad"}]},{"@type":"WebSite","@id":"https:\/\/fundaciocoravant.org\/#website","url":"https:\/\/fundaciocoravant.org\/","name":"CorAvant","description":"Fundaci\u00f3 de joves i adults amb cardiopatia","publisher":{"@id":"https:\/\/fundaciocoravant.org\/#organization"},"potentialAction":[{"@type":"SearchAction","target":{"@type":"EntryPoint","urlTemplate":"https:\/\/fundaciocoravant.org\/?s={search_term_string}"},"query-input":{"@type":"PropertyValueSpecification","valueRequired":true,"valueName":"search_term_string"}}],"inLanguage":"es"},{"@type":"Organization","@id":"https:\/\/fundaciocoravant.org\/#organization","name":"CorAvant","url":"https:\/\/fundaciocoravant.org\/","logo":{"@type":"ImageObject","inLanguage":"es","@id":"https:\/\/fundaciocoravant.org\/#\/schema\/logo\/image\/","url":"https:\/\/fundaciocoravant.org\/wp-content\/uploads\/2025\/11\/cropped-cropped-LOGO_CORAVANT-15-anys_CASTELLANO.png","contentUrl":"https:\/\/fundaciocoravant.org\/wp-content\/uploads\/2025\/11\/cropped-cropped-LOGO_CORAVANT-15-anys_CASTELLANO.png","width":1404,"height":979,"caption":"CorAvant"},"image":{"@id":"https:\/\/fundaciocoravant.org\/#\/schema\/logo\/image\/"},"sameAs":["https:\/\/www.facebook.com\/coravantaacic","https:\/\/x.com\/coravant","https:\/\/www.instagram.com\/coravantaacic\/","https:\/\/www.youtube.com\/@CorAvantAACIC_cardiopaties","https:\/\/www.linkedin.com\/company\/fundacio-coravant\/"]}]}},"campaignId":"","_links":{"self":[{"href":"https:\/\/fundaciocoravant.org\/es\/wp-json\/wp\/v2\/pages\/229","targetHints":{"allow":["GET"]}}],"collection":[{"href":"https:\/\/fundaciocoravant.org\/es\/wp-json\/wp\/v2\/pages"}],"about":[{"href":"https:\/\/fundaciocoravant.org\/es\/wp-json\/wp\/v2\/types\/page"}],"author":[{"embeddable":true,"href":"https:\/\/fundaciocoravant.org\/es\/wp-json\/wp\/v2\/users\/1"}],"replies":[{"embeddable":true,"href":"https:\/\/fundaciocoravant.org\/es\/wp-json\/wp\/v2\/comments?post=229"}],"version-history":[{"count":1,"href":"https:\/\/fundaciocoravant.org\/es\/wp-json\/wp\/v2\/pages\/229\/revisions"}],"predecessor-version":[{"id":230,"href":"https:\/\/fundaciocoravant.org\/es\/wp-json\/wp\/v2\/pages\/229\/revisions\/230"}],"wp:attachment":[{"href":"https:\/\/fundaciocoravant.org\/es\/wp-json\/wp\/v2\/media?parent=229"}],"curies":[{"name":"wp","href":"https:\/\/api.w.org\/{rel}","templated":true}]}}